{"id":41,"date":"2022-04-13T14:45:16","date_gmt":"2022-04-13T12:45:16","guid":{"rendered":"https:\/\/mirabel-campings.com\/?page_id=41"},"modified":"2025-10-30T11:17:49","modified_gmt":"2025-10-30T10:17:49","slug":"mobilheime","status":"publish","type":"page","link":"https:\/\/mirabel-campings.com\/de\/mobil-homes\/","title":{"rendered":"Mobilheime"},"content":{"rendered":"<h1 class=\"wp-block-heading\">Vermietung von Mobilheimen f\u00fcr Ihren Familienurlaub<\/h1>\n\n\n\n<p class=\"has-text-align-center\"><strong>Von 1 bis 6 Personen, unsere Mobilheime<\/strong> Komfort der neuesten Generation erm\u00f6glichen es Ihnen, einen Urlaub zu verbringen, in dem Sie sich wie zu Hause f\u00fchlen in einem unserer <strong>Campingpl\u00e4tze Mirabel <\/strong>des Gro\u00dfwestens.<\/p>\n\n\n\n<figure class=\"wp-block-image aligncenter size-full\"><img loading=\"lazy\" decoding=\"async\" width=\"50\" height=\"8\" src=\"https:\/\/mirabel-campings.com\/wp-content\/uploads\/2022\/04\/barre-bleue.png\" alt=\"\" class=\"wp-image-309\"\/><\/figure>\n\n\n\n<div style=\"height:20px\" aria-hidden=\"true\" class=\"wp-block-spacer\"><\/div>\n\n\n\n<div class=\"wp-block-media-text alignwide has-media-on-the-right is-stacked-on-mobile is-vertically-aligned-center\"><div class=\"wp-block-media-text__content\">\n<h2 class=\"wp-block-heading\">Mehrere Reihen neuer Mobilheime mit allem Komfort<\/h2>\n\n\n\n<figure class=\"wp-block-image size-full\"><img loading=\"lazy\" decoding=\"async\" width=\"50\" height=\"8\" src=\"https:\/\/mirabel-campings.com\/wp-content\/uploads\/2022\/05\/barre-bleue.png\" alt=\"\" class=\"wp-image-3044\"\/><\/figure>\n\n\n\n<p><strong>Unsere Mobilheimvermietungen 1 bis 3 Zimmer<\/strong>, Die Zimmer mit 1 oder 2 Badezimmern und einer halboffenen oder \u00fcberdachten Terrasse sind der ideale Ort, um das Beste mit Ihren Lieben zu teilen.<\/p>\n\n\n\n<p>In den <strong>Campingpl\u00e4tze Mirabel<\/strong>, Es liegt uns sehr am Herzen, dass wir uns um Sie k\u00fcmmern und Sie unter den besten Bedingungen willkommen hei\u00dfen. Vor Ihrer Ankunft bereiten alle unsere Teams Ihre Unterkunft vor, damit Sie Ihr Gep\u00e4ck abstellen und Ihren Aufenthalt sofort genie\u00dfen k\u00f6nnen!<\/p>\n\n\n\n<figure class=\"wp-block-image alignleft size-full is-resized\"><img loading=\"lazy\" decoding=\"async\" width=\"283\" height=\"300\" src=\"https:\/\/mirabel-campings.com\/wp-content\/uploads\/2022\/05\/transat-283x300-1.png\" alt=\"\" class=\"wp-image-3088\" style=\"width:71px;height:75px\"\/><\/figure>\n\n\n\n<p>F\u00fcr <strong>Ferien in der N\u00e4he des Meeres<\/strong> in einer unserer drei Regionen <strong>Bretagne<\/strong>, <strong>Normandie<\/strong> oder <strong>Pays-de-la-Loire<\/strong>, Unsere Mobilheime sind so gestaltet, dass Sie Ihre Reise antreten k\u00f6nnen. <strong>im Urlaub <\/strong>auf 2, auf 4, <strong>in der Familie<\/strong> oder unter Freunden und mit Ihrem<strong> Haustier<\/strong> (siehe Klassifizierung).<\/p>\n<\/div><figure class=\"wp-block-media-text__media\"><img loading=\"lazy\" decoding=\"async\" width=\"1024\" height=\"683\" src=\"https:\/\/mirabel-campings.com\/wp-content\/uploads\/2023\/02\/location-mobil-home-3ch-PDM2-1024x683.jpg\" alt=\"Miet-Mobilheim mit allem Komfort\" class=\"wp-image-5542 size-full\" srcset=\"https:\/\/mirabel-campings.com\/wp-content\/uploads\/2023\/02\/location-mobil-home-3ch-PDM2-1024x683.jpg 1024w, https:\/\/mirabel-campings.com\/wp-content\/uploads\/2023\/02\/location-mobil-home-3ch-PDM2-300x200.jpg 300w, https:\/\/mirabel-campings.com\/wp-content\/uploads\/2023\/02\/location-mobil-home-3ch-PDM2-768x512.jpg 768w, https:\/\/mirabel-campings.com\/wp-content\/uploads\/2023\/02\/location-mobil-home-3ch-PDM2.jpg 1200w\" sizes=\"auto, (max-width: 1024px) 100vw, 1024px\" \/><\/figure><\/div>\n\n\n\n<div style=\"height:20px\" aria-hidden=\"true\" class=\"wp-block-spacer\"><\/div>\n\n\n\n<div class=\"wp-block-media-text alignwide is-stacked-on-mobile is-vertically-aligned-center front-page-section grey\"><figure class=\"wp-block-media-text__media\"><img loading=\"lazy\" decoding=\"async\" width=\"1024\" height=\"683\" src=\"https:\/\/mirabel-campings.com\/wp-content\/uploads\/2023\/04\/terrasse-locatif-mobil-home-1024x683.jpg\" alt=\"voll ausgestattete Unterk\u00fcnfte\" class=\"wp-image-479 size-full\" srcset=\"https:\/\/mirabel-campings.com\/wp-content\/uploads\/2023\/04\/terrasse-locatif-mobil-home-1024x683.jpg 1024w, https:\/\/mirabel-campings.com\/wp-content\/uploads\/2023\/04\/terrasse-locatif-mobil-home-300x200.jpg 300w, https:\/\/mirabel-campings.com\/wp-content\/uploads\/2023\/04\/terrasse-locatif-mobil-home-768x512.jpg 768w, https:\/\/mirabel-campings.com\/wp-content\/uploads\/2023\/04\/terrasse-locatif-mobil-home.jpg 1200w\" sizes=\"auto, (max-width: 1024px) 100vw, 1024px\" \/><\/figure><div class=\"wp-block-media-text__content\">\n<p class=\"texte-rond has-orange-color has-text-color has-large-font-size\">Unsere liebevoll ausgestatteten Ferienh\u00e4user<\/p>\n\n\n\n<p><strong>Unsere modernen Mobilheime<\/strong> sind wie richtige kleine H\u00e4user ausgestattet, um eine optimale Aufenthaltsqualit\u00e4t zu gew\u00e4hrleisten : <strong>eingerichtete K\u00fcche<\/strong> mit allem, was man braucht, um leckere Gerichte zuzubereiten: Backofen, Mikrowelle, Kochplatten, K\u00fcchenutensilien, Toaster, Kaffeemaschine, ein K\u00fchlschrank mit Gefrierteil, Pfanne und Topf, Geschirr, Schneidebrett f\u00fcr die kleinen Aperitifs am Ende des Tages!<\/p>\n\n\n\n<figure class=\"wp-block-image aligncenter size-full\"><img loading=\"lazy\" decoding=\"async\" width=\"300\" height=\"51\" src=\"https:\/\/mirabel-campings.com\/wp-content\/uploads\/2022\/05\/Vagues-300x51-1.png\" alt=\"\" class=\"wp-image-3091\"\/><\/figure>\n\n\n\n<p>F\u00fcr Momente der Entspannung treffen Sie sich in der <strong>Wohnzimmer<\/strong> auf den bequemen Sitzb\u00e4nken, genie\u00dfen Sie die <strong>Fernsehen<\/strong> oder von Ihrem <strong>Terrasse<\/strong> f\u00fcr eine ruhige Lekt\u00fcre auf einem <strong>Babywippe<\/strong> ! Ein <strong>Grill<\/strong> steht Ihnen ebenfalls zur Verf\u00fcgung oder kann gemietet werden, um gemeinsam zu grillen.<strong><\/strong><\/p>\n<\/div><\/div>\n\n\n\n<div style=\"height:20px\" aria-hidden=\"true\" class=\"wp-block-spacer\"><\/div>\n\n\n\n<div class=\"wp-block-media-text alignwide has-media-on-the-right is-stacked-on-mobile is-vertically-aligned-center animate right\"><div class=\"wp-block-media-text__content\">\n<h2 class=\"wp-block-heading\">Unsere barrierefreien Campingpl\u00e4tze f\u00fcr alle in der N\u00e4he des Meeres<\/h2>\n\n\n\n<figure class=\"wp-block-image size-full\"><img loading=\"lazy\" decoding=\"async\" width=\"50\" height=\"8\" src=\"https:\/\/mirabel-campings.com\/wp-content\/uploads\/2022\/05\/barre-bleue.png\" alt=\"\" class=\"wp-image-3044\"\/><\/figure>\n\n\n\n<p>F\u00fcr die <strong>Personen mit eingeschr\u00e4nkter Mobilit\u00e4t,<\/strong> f\u00fcr die <strong>Familien mit Kind <\/strong>im Kleinkindalter verf\u00fcgen wir \u00fcber spezielle Mobilheime mit Rampen f\u00fcr Ihren Rollstuhl oder Kinderwagen. Im Inneren ist das Mietobjekt vollst\u00e4ndig f\u00fcr Ihren <strong>Komfort und Zug\u00e4nglichkeit<\/strong> : Das Wohnzimmer ist ger\u00e4umig und erm\u00f6glicht eine einfache Zirkulation, das Schlafzimmer kann Ihren <strong>Sessel oder ein Regenschirmbett <\/strong>f\u00fcr Babys bei Bedarf. <\/p>\n\n\n\n<p>So k\u00f6nnen Sie sich beruhigt auf unseren Campingpl\u00e4tzen aufhalten, die sich Ihren Bed\u00fcrfnissen anpassen<\/p>\n\n\n\n<figure class=\"wp-block-image aligncenter size-full is-resized\"><img loading=\"lazy\" decoding=\"async\" width=\"320\" height=\"326\" src=\"https:\/\/mirabel-campings.com\/wp-content\/uploads\/2022\/04\/Etoile2.png\" alt=\"\" class=\"wp-image-264\" style=\"width:100px\" srcset=\"https:\/\/mirabel-campings.com\/wp-content\/uploads\/2022\/04\/Etoile2.png 320w, https:\/\/mirabel-campings.com\/wp-content\/uploads\/2022\/04\/Etoile2-294x300.png 294w\" sizes=\"auto, (max-width: 320px) 100vw, 320px\" \/><\/figure>\n<\/div><figure class=\"wp-block-media-text__media\"><img loading=\"lazy\" decoding=\"async\" width=\"1024\" height=\"768\" src=\"https:\/\/mirabel-campings.com\/wp-content\/uploads\/2022\/04\/location-PMR-camping-mirabel-1024x768.jpg\" alt=\"Mobilheime PMR\" class=\"wp-image-482 size-full\" srcset=\"https:\/\/mirabel-campings.com\/wp-content\/uploads\/2022\/04\/location-PMR-camping-mirabel-1024x768.jpg 1024w, https:\/\/mirabel-campings.com\/wp-content\/uploads\/2022\/04\/location-PMR-camping-mirabel-300x225.jpg 300w, https:\/\/mirabel-campings.com\/wp-content\/uploads\/2022\/04\/location-PMR-camping-mirabel-768x576.jpg 768w, https:\/\/mirabel-campings.com\/wp-content\/uploads\/2022\/04\/location-PMR-camping-mirabel.jpg 1200w\" sizes=\"auto, (max-width: 1024px) 100vw, 1024px\" \/><\/figure><\/div>\n\n\n\n<div style=\"height:40px\" aria-hidden=\"true\" class=\"wp-block-spacer\"><\/div>\n\n\n\n<p class=\"has-text-align-center texte-rond has-large-font-size\">W\u00e4hlen Sie Ihren Campingplatz!<\/p>\n\n\n\n<div class=\"wp-block-columns front-page-section grey mb-0 is-layout-flex wp-container-core-columns-is-layout-28f84493 wp-block-columns-is-layout-flex\">\n<div class=\"wp-block-column is-layout-flow wp-block-column-is-layout-flow\"><\/div>\n\n\n\n<div class=\"wp-block-column is-layout-flow wp-block-column-is-layout-flow\">\n<div class=\"wp-block-create-block-sevgutenberg-navigation\"><aside class=\"encart-sev-navigation small carre\"><a href=\"https:\/\/mirabel-campings.com\/de\/camping-la-crique-saint-cast-le-guildo\/\" class=\"d-flex flex-column align-items-center\"><div class=\"encart-title\"><span>La Crique ***<\/span><\/div><div class=\"vague\"><\/div><img decoding=\"async\" src=\"https:\/\/mirabel-campings.com\/wp-content\/uploads\/2022\/04\/camping-crique-fort-lalatte.jpg\" alt=\"camping la crique bretagne\"\/><div class=\"ligne\"><\/div><div class=\"hover\"><\/div><\/a><\/aside><\/div>\n<\/div>\n\n\n\n<div class=\"wp-block-column is-layout-flow wp-block-column-is-layout-flow\">\n<div class=\"wp-block-create-block-sevgutenberg-navigation\"><aside class=\"encart-sev-navigation small carre\"><a href=\"https:\/\/mirabel-campings.com\/de\/camping-le-clos-tranquille-saint-cast-le-guildo\/\" class=\"d-flex flex-column align-items-center\"><div class=\"encart-title\"><span>Le Clos Tranquille **<\/span><\/div><div class=\"vague\"><\/div><img decoding=\"async\" src=\"https:\/\/mirabel-campings.com\/wp-content\/uploads\/2022\/04\/20210717_184642-e1652366794366.jpg\" alt=\"ruhiger Abschluss\"\/><div class=\"ligne\"><\/div><div class=\"hover\"><\/div><\/a><\/aside><\/div>\n<\/div>\n\n\n\n<div class=\"wp-block-column is-layout-flow wp-block-column-is-layout-flow\">\n<div class=\"wp-block-create-block-sevgutenberg-navigation\"><aside class=\"encart-sev-navigation small carre\"><a href=\"https:\/\/mirabel-campings.com\/de\/camping-les-mielles-saint-cast-le-guildo\/\" class=\"d-flex flex-column align-items-center\"><div class=\"encart-title\"><span>Les Mielles ****<\/span><\/div><div class=\"vague\"><\/div><img decoding=\"async\" src=\"https:\/\/mirabel-campings.com\/wp-content\/uploads\/2022\/04\/DSCN6689.jpg\" alt=\"Les Mielles\"\/><div class=\"ligne\"><\/div><div class=\"hover\"><\/div><\/a><\/aside><\/div>\n<\/div>\n\n\n\n<div class=\"wp-block-column is-layout-flow wp-block-column-is-layout-flow\"><\/div>\n<\/div>\n\n\n\n<div class=\"wp-block-columns front-page-section grey pt-0 is-layout-flex wp-container-core-columns-is-layout-28f84493 wp-block-columns-is-layout-flex\">\n<div class=\"wp-block-column is-layout-flow wp-block-column-is-layout-flow\"><\/div>\n\n\n\n<div class=\"wp-block-column is-layout-flow wp-block-column-is-layout-flow\">\n<div class=\"wp-block-create-block-sevgutenberg-navigation\"><aside class=\"encart-sev-navigation small carre\"><a href=\"https:\/\/mirabel-campings.com\/de\/camping-la-renaudiere-pornic\/\" class=\"d-flex flex-column align-items-center\"><div class=\"encart-title\"><span>La Renaudi\u00e8re ****<\/span><\/div><div class=\"vague\"><\/div><img decoding=\"async\" src=\"https:\/\/mirabel-campings.com\/wp-content\/uploads\/2022\/04\/Home-page-piscine-2000px.jpg\" alt=\"camping la renaudi\u00e8re pays de la loire\"\/><div class=\"ligne\"><\/div><div class=\"hover\"><\/div><\/a><\/aside><\/div>\n<\/div>\n\n\n\n<div class=\"wp-block-column is-layout-flow wp-block-column-is-layout-flow\">\n<div class=\"wp-block-create-block-sevgutenberg-navigation\"><aside class=\"encart-sev-navigation small carre\"><a href=\"https:\/\/mirabel-campings.com\/de\/camping-les-prairies-de-la-mer-ouistreham\/\" class=\"d-flex flex-column align-items-center\"><div class=\"encart-title\"><span>Die Seegraswiesen ****<\/span><\/div><div class=\"vague\"><\/div><img decoding=\"async\" src=\"https:\/\/mirabel-campings.com\/wp-content\/uploads\/2022\/04\/piscine-transat-ouistreham-camping.jpg\" alt=\"Die Wiesen am Meer\"\/><div class=\"ligne\"><\/div><div class=\"hover\"><\/div><\/a><\/aside><\/div>\n<\/div>\n\n\n\n<div class=\"wp-block-column is-layout-flow wp-block-column-is-layout-flow\">\n<div class=\"wp-block-create-block-sevgutenberg-navigation\"><aside class=\"encart-sev-navigation small carre\"><a href=\"https:\/\/mirabel-campings.com\/de\/page-camping\/\" class=\"d-flex flex-column align-items-center\"><div class=\"encart-title\"><span>L'Ermitage ***<\/span><\/div><div class=\"vague\"><\/div><img decoding=\"async\" src=\"https:\/\/mirabel-campings.com\/wp-content\/uploads\/2025\/03\/header-camping-ermitage-donville.png\" alt=\"header camping ermitage donville manche\"\/><div class=\"ligne\"><\/div><div class=\"hover\"><\/div><\/a><\/aside><\/div>\n<\/div>\n\n\n\n<div class=\"wp-block-column is-layout-flow wp-block-column-is-layout-flow\"><\/div>\n<\/div>\n\n\n\n<figure class=\"wp-block-image aligncenter size-full is-resized mt-5\"><img loading=\"lazy\" decoding=\"async\" width=\"1024\" height=\"84\" src=\"https:\/\/mirabel-campings.com\/wp-content\/uploads\/2022\/04\/diapo-photos.png\" alt=\"Fotodias\" class=\"wp-image-276\" style=\"width:768px;height:63px\" srcset=\"https:\/\/mirabel-campings.com\/wp-content\/uploads\/2022\/04\/diapo-photos.png 1024w, https:\/\/mirabel-campings.com\/wp-content\/uploads\/2022\/04\/diapo-photos-300x25.png 300w, https:\/\/mirabel-campings.com\/wp-content\/uploads\/2022\/04\/diapo-photos-768x63.png 768w\" sizes=\"auto, (max-width: 1024px) 100vw, 1024px\" \/><\/figure>\n\n\n\t\t\t<div id=\"sevgallery-376537331\" class=\"sev-diaporama sev-diaporama-portfolio\">\n\t\t\t\t<div class=\"row\">\n\n\t\t\t\t\t\n\t\t\t\t\t\t\n\t\t\t\t\t\t<div class=\"sev-diaporama-portfolio-item   btnseeall btnseeall-xl col-12 col-md\">\n\t\t\t\t\t\t\t<a href=\"https:\/\/mirabel-campings.com\/wp-content\/uploads\/2023\/05\/mobil-home-location-vacances.jpg\" data-lightbox=\"sevgallery-376537331\" style=\"background-image: url(https:\/\/mirabel-campings.com\/wp-content\/uploads\/2023\/05\/mobil-home-location-vacances.jpg)\">\n\t\t\t\t\t\t\t\t<img decoding=\"async\" src=\"https:\/\/mirabel-campings.com\/wp-content\/uploads\/2023\/05\/mobil-home-location-vacances.jpg\" alt=\"Vermietung von Familienmobilheimen in der N\u00e4he von Pornic\" loading=\"lazy\">\n\t\t\t\t\t\t\t<\/a>\n\t\t\t\t\t\t<\/div>\n\n\t\t\t\t\t\t\n\t\t\t\t\t\t\t\t\t\t\t\t\t\t\t\t\t\n\t\t\t\t\t\t\n\t\t\t\t\t\t<div class=\"sev-diaporama-portfolio-item   btnseeall btnseeall-xl col-12 col-md  col-shrink\">\n\t\t\t\t\t\t\t<a href=\"https:\/\/mirabel-campings.com\/wp-content\/uploads\/2022\/04\/location-mobil-home-1ch-mirabel.jpg\" data-lightbox=\"sevgallery-376537331\" style=\"background-image: url(https:\/\/mirabel-campings.com\/wp-content\/uploads\/2022\/04\/location-mobil-home-1ch-mirabel.jpg)\">\n\t\t\t\t\t\t\t\t<img decoding=\"async\" src=\"https:\/\/mirabel-campings.com\/wp-content\/uploads\/2022\/04\/location-mobil-home-1ch-mirabel.jpg\" alt=\"vermietung mobilheim 1 zimmer\" loading=\"lazy\">\n\t\t\t\t\t\t\t<\/a>\n\t\t\t\t\t\t<\/div>\n\n\t\t\t\t\t\t\n\t\t\t\t\t\t\t\t\t\t\t\t\t\t\t\t\t\n\t\t\t\t\t\t\n\t\t\t\t\t\t<div class=\"sev-diaporama-portfolio-item   btnseeall btnseeall-xl col-12 col-md  col-shrink\">\n\t\t\t\t\t\t\t<a href=\"https:\/\/mirabel-campings.com\/wp-content\/uploads\/2023\/08\/location-camping-bord-de-mer-bretagne.jpg\" data-lightbox=\"sevgallery-376537331\" style=\"background-image: url(https:\/\/mirabel-campings.com\/wp-content\/uploads\/2023\/08\/location-camping-bord-de-mer-bretagne.jpg)\">\n\t\t\t\t\t\t\t\t<img decoding=\"async\" src=\"https:\/\/mirabel-campings.com\/wp-content\/uploads\/2023\/08\/location-camping-bord-de-mer-bretagne.jpg\" alt=\"Vermietung Campingplatz Meeresufer Bretagne\" loading=\"lazy\">\n\t\t\t\t\t\t\t<\/a>\n\t\t\t\t\t\t<\/div>\n\n\t\t\t\t\t\t\n\t\t\t\t\t\t\t\t\t\t\t\t\t\t\t\t\t\n\t\t\t\t\t\t\n\t\t\t\t\t\t<div class=\"sev-diaporama-portfolio-item   btnseeall btnseeall-xl col-12 col-md  col-grow\">\n\t\t\t\t\t\t\t<a href=\"https:\/\/mirabel-campings.com\/wp-content\/uploads\/2023\/09\/location-vacances-saint-cast.jpg\" data-lightbox=\"sevgallery-376537331\" style=\"background-image: url(https:\/\/mirabel-campings.com\/wp-content\/uploads\/2023\/09\/location-vacances-saint-cast.jpg)\">\n\t\t\t\t\t\t\t\t<img decoding=\"async\" src=\"https:\/\/mirabel-campings.com\/wp-content\/uploads\/2023\/09\/location-vacances-saint-cast.jpg\" alt=\"kauf mobilheim camping saint cast le guildo\" loading=\"lazy\">\n\t\t\t\t\t\t\t<\/a>\n\t\t\t\t\t\t<\/div>\n\n\t\t\t\t\t\t\t\t\t\t\t\t\t<div class=\"w-100\"><\/div>\n\t\t\t\t\t\t\t\t\t\t\t\t\t\n\t\t\t\t\t\t\t\t\t\t\t\t\t\t\t\t\t\n\t\t\t\t\t\t\n\t\t\t\t\t\t<div class=\"sev-diaporama-portfolio-item   btnseeall btnseeall-xl col-12 col-md  col-grow\">\n\t\t\t\t\t\t\t<a href=\"https:\/\/mirabel-campings.com\/wp-content\/uploads\/2023\/06\/hebergement-location-mobil-home.jpg\" data-lightbox=\"sevgallery-376537331\" style=\"background-image: url(https:\/\/mirabel-campings.com\/wp-content\/uploads\/2023\/06\/hebergement-location-mobil-home.jpg)\">\n\t\t\t\t\t\t\t\t<img decoding=\"async\" src=\"https:\/\/mirabel-campings.com\/wp-content\/uploads\/2023\/06\/hebergement-location-mobil-home.jpg\" alt=\"mobilheim vermietung campingplatz mirabel\" loading=\"lazy\">\n\t\t\t\t\t\t\t<\/a>\n\t\t\t\t\t\t<\/div>\n\n\t\t\t\t\t\t\n\t\t\t\t\t\t\t\t\t\t\t\t\t\t\t\t\t\n\t\t\t\t\t\t\n\t\t\t\t\t\t<div class=\"sev-diaporama-portfolio-item   btnseeall btnseeall-xl col-12 col-md  col-grow\">\n\t\t\t\t\t\t\t<a href=\"https:\/\/mirabel-campings.com\/wp-content\/uploads\/2022\/04\/terrasse-couverte-loc.jpg\" data-lightbox=\"sevgallery-376537331\" style=\"background-image: url(https:\/\/mirabel-campings.com\/wp-content\/uploads\/2022\/04\/terrasse-couverte-loc.jpg)\">\n\t\t\t\t\t\t\t\t<img decoding=\"async\" src=\"https:\/\/mirabel-campings.com\/wp-content\/uploads\/2022\/04\/terrasse-couverte-loc.jpg\" alt=\"vermietung mobilheim mit \u00fcberdachter terrasse\" loading=\"lazy\">\n\t\t\t\t\t\t\t<\/a>\n\t\t\t\t\t\t<\/div>\n\n\t\t\t\t\t\t\n\t\t\t\t\t\t\t\t\t\t\t\t\t\t\t\t\t\n\t\t\t\t\t\t\n\t\t\t\t\t\t<div class=\"sev-diaporama-portfolio-item   btnseeall btnseeall-xl col-12 col-md  col-grow\">\n\t\t\t\t\t\t\t<a href=\"https:\/\/mirabel-campings.com\/wp-content\/uploads\/2022\/04\/mobil-home-camping-mirabel.jpg\" data-lightbox=\"sevgallery-376537331\" style=\"background-image: url(https:\/\/mirabel-campings.com\/wp-content\/uploads\/2022\/04\/mobil-home-camping-mirabel.jpg)\">\n\t\t\t\t\t\t\t\t<img decoding=\"async\" src=\"https:\/\/mirabel-campings.com\/wp-content\/uploads\/2022\/04\/mobil-home-camping-mirabel.jpg\" alt=\"mobilheim camping Mirabel\" loading=\"lazy\">\n\t\t\t\t\t\t\t<\/a>\n\t\t\t\t\t\t<\/div>\n\n\t\t\t\t\t\t\n\t\t\t\t\t\t\t\t\t\t\t\t\t\t\t\t\t\n\t\t\t\t\t\t\n\t\t\t\t\t\t<div class=\"sev-diaporama-portfolio-item  limitsm btnseeall btnseeall-xl col-12 col-md  col-shrink last-visible\">\n\t\t\t\t\t\t\t<a href=\"https:\/\/mirabel-campings.com\/wp-content\/uploads\/2022\/04\/mobilhome-chambre-location.jpg\" data-lightbox=\"sevgallery-376537331\" style=\"background-image: url(https:\/\/mirabel-campings.com\/wp-content\/uploads\/2022\/04\/mobilhome-chambre-location.jpg)\">\n\t\t\t\t\t\t\t\t<img decoding=\"async\" src=\"https:\/\/mirabel-campings.com\/wp-content\/uploads\/2022\/04\/mobilhome-chambre-location.jpg\" alt=\"Vermietung von Mobilheimen\" loading=\"lazy\">\n\t\t\t\t\t\t\t<\/a>\n\t\t\t\t\t\t<\/div>\n\n\t\t\t\t\t\t\t\t\t\t\t\t\t<div class=\"w-100\"><\/div>\n\t\t\t\t\t\t\t\t\t\t\t\t\t\n\t\t\t\t\t\t\t\t\t\t\t\t\t\t\t\t\t\t\t\t\t<\/div>\n\t\t\t<\/div>\n\n\t\t\t<script>\n\t\t\tjQuery(function($) {\n\n\t\t\t\tvar marginPortfolio = function() {\n\n\t\t\t\t\tvar $diapo          = $('#sevgallery-376537331');\n\t\t\t\t\tvar container_width = $diapo.parent().outerWidth();\n\t\t\t\t\tvar side            = ( $(window).innerWidth() - container_width ) \/ 2;\n\n\t\t\t\t\t$diapo.css( {\n\t\t\t\t\t\t'margin-left': '-' + side + 'px',\n\t\t\t\t\t\t'margin-right': '-' + side + 'px',\n\t\t\t\t\t} );\n\t\t\t\t};\n\n\t\t\t\t$( window ).resize( function() {\n\t\t\t\t\tmarginPortfolio();\n\t\t\t\t} );\n\t\t\t\tmarginPortfolio();\n\t\t\t});\n\t\t\t<\/script>","protected":false},"excerpt":{"rendered":"<p>Location de mobil-homes pour vos vacances en famille De 1 \u00e0 6 personnes, nos mobil-homes conforts de derni\u00e8re g\u00e9n\u00e9ration vous [&hellip;]<\/p>\n","protected":false},"author":1,"featured_media":0,"parent":0,"menu_order":0,"comment_status":"closed","ping_status":"closed","template":"","meta":{"_seopress_robots_primary_cat":"","_seopress_titles_title":"Location de mobil-homes en bord de mer - Campings MIRABEL","_seopress_titles_desc":"Mobil-home tout confort 1 \u00e0 3 chambres, 1 ou 2 salles de bains, terrasse semi-ouverte ou couverte, partager le meilleur avec vos proches.","_seopress_robots_index":"","footnotes":""},"class_list":["post-41","page","type-page","status-publish","hentry"],"_links":{"self":[{"href":"https:\/\/mirabel-campings.com\/de\/wp-json\/wp\/v2\/pages\/41","targetHints":{"allow":["GET"]}}],"collection":[{"href":"https:\/\/mirabel-campings.com\/de\/wp-json\/wp\/v2\/pages"}],"about":[{"href":"https:\/\/mirabel-campings.com\/de\/wp-json\/wp\/v2\/types\/page"}],"author":[{"embeddable":true,"href":"https:\/\/mirabel-campings.com\/de\/wp-json\/wp\/v2\/users\/1"}],"replies":[{"embeddable":true,"href":"https:\/\/mirabel-campings.com\/de\/wp-json\/wp\/v2\/comments?post=41"}],"version-history":[{"count":41,"href":"https:\/\/mirabel-campings.com\/de\/wp-json\/wp\/v2\/pages\/41\/revisions"}],"predecessor-version":[{"id":11291,"href":"https:\/\/mirabel-campings.com\/de\/wp-json\/wp\/v2\/pages\/41\/revisions\/11291"}],"wp:attachment":[{"href":"https:\/\/mirabel-campings.com\/de\/wp-json\/wp\/v2\/media?parent=41"}],"curies":[{"name":"wp","href":"https:\/\/api.w.org\/{rel}","templated":true}]}}