{"id":7,"date":"2022-04-12T15:37:44","date_gmt":"2022-04-12T13:37:44","guid":{"rendered":"https:\/\/mirabel-campings.com\/?page_id=7"},"modified":"2023-01-17T16:44:44","modified_gmt":"2023-01-17T15:44:44","slug":"faq","status":"publish","type":"page","link":"https:\/\/mirabel-campings.com\/de\/faq\/","title":{"rendered":"FAQ"},"content":{"rendered":"<h1 class=\"wp-block-heading\" id=\"faq-trouvez-la-reponse-a-vos-questions-sur-vos-vacances-au-camping-les-prairies-de-la-mer\">FAQ - Finden Sie die Antwort auf Ihre Fragen zu Ihrem Urlaub <strong>in den Campingpl\u00e4tzen &amp; Wohnheimen Mirabel<\/strong><\/h1>\n\n\n\n<p class=\"has-text-align-center\">Alle Campingpl\u00e4tze der Mirabel-Gruppe beantworten alle Ihre Fragen zu Ihrem Aufenthalt und den getroffenen Gesundheitsma\u00dfnahmen.&nbsp;<strong>um Ihnen einen sicheren Aufenthalt zu garantieren.<\/strong>&nbsp;Denken Sie daran, regelm\u00e4\u00dfig die H\u00e4ufig gestellten Fragen auf den Websites der Campingpl\u00e4tze zu lesen, und z\u00f6gern Sie nicht, uns zu kontaktieren, wenn Sie weitere Informationen ben\u00f6tigen.<\/p>\n\n\n\n<figure class=\"wp-block-image aligncenter size-full\"><img decoding=\"async\" src=\"https:\/\/mirabel-prairiesdelamer.com\/wp-content\/uploads\/2022\/01\/barre-bleue.png\" alt=\"\" class=\"wp-image-2382\"\/><\/figure>\n\n\n\n<p><em>Aktualisiert am 10\/04\/22 - Diese FAQs bleiben abh\u00e4ngig von den zuk\u00fcnftigen Gesundheitsbedingungen und den Anweisungen der zust\u00e4ndigen Beh\u00f6rden ver\u00e4nderbar.<\/em><\/p>\n\n\n\n<h2 class=\"wp-block-heading\" id=\"votre-reservation\">Ihre Buchung<\/h2>\n\n\n\n<figure class=\"wp-block-image size-full\"><img decoding=\"async\" src=\"https:\/\/mirabel-prairiesdelamer.com\/wp-content\/uploads\/2022\/01\/barre-bleue.png\" alt=\"\" class=\"wp-image-2382\"\/><\/figure>\n\n\n\n<div class=\"wp-block-create-block-sev-faq\"><div class=\"card sev-faq\"><a class=\"card-header d-flex\" href=\"#comment-reserver-un-sejour-\" data-toggle=\"collapse\" role=\"button\" aria-expanded=\"false\" aria-controls=\"comment-reserver-un-sejour-\"><div class=\"faq-question\">Wie buche ich einen Aufenthalt?<\/div><i class=\"fa fa-chevron-down\" aria-hidden=\"true\"><\/i><\/a><div class=\"card-body collapse multi-collapse\" id=\"comment-reserver-un-sejour-\"><div class=\"faq-reponse\">- Online: W\u00e4hlen Sie auf unserer Website Ihre Unterkunft und\/oder Ihre Aufenthaltsdaten aus, um die Verf\u00fcgbarkeit zu erfahren. <a href=\"https:\/\/bookingpremium.secureholiday.net\/group\/FR\/124\" target=\"_blank\" rel=\"noreferrer noopener\">Reservierung<\/a><br>- Per Telefon, indem Sie die Rezeption des Campingplatzes anrufen (sichere Zahlung per Kreditkarte).<br>- Per E-Mail an die Adresse des ausgew\u00e4hlten Mirabel-Campingplatzes<br><br>Die Reservierung wird nach Erhalt einer Anzahlung von 30% + 20\u20ac Reservierungskosten wirksam und verbindlich. Weitere Einzelheiten entnehmen Sie bitte den Allgemeinen Gesch\u00e4ftsbedingungen des gew\u00e4hlten Campingplatzes.<\/div><\/div><\/div><\/div>\n\n\n\n<div class=\"wp-block-create-block-sev-faq\"><div class=\"card sev-faq\"><a class=\"card-header d-flex\" href=\"#comment-obtenir-un-devis-\" data-toggle=\"collapse\" role=\"button\" aria-expanded=\"false\" aria-controls=\"comment-obtenir-un-devis-\"><div class=\"faq-question\">Wie erhalte ich einen Kostenvoranschlag?<\/div><i class=\"fa fa-chevron-down\" aria-hidden=\"true\"><\/i><\/a><div class=\"card-body collapse multi-collapse\" id=\"comment-obtenir-un-devis-\"><div class=\"faq-reponse\">Besuchen Sie unseren <a href=\"https:\/\/bookingpremium.secureholiday.net\/group\/FR\/124\" target=\"_blank\" rel=\"noreferrer noopener\">Online-Buchung<\/a> oder wenden Sie sich direkt an den Campingplatz Ihrer Wahl, um sich \u00fcber die Verf\u00fcgbarkeit zu informieren und einen Preis f\u00fcr Ihren Aufenthalt zu erhalten.<\/div><\/div><\/div><\/div>\n\n\n\n<div class=\"wp-block-create-block-sev-faq\"><div class=\"card sev-faq\"><a class=\"card-header d-flex\" href=\"#puis-je-choisir-mon-emplacement-\" data-toggle=\"collapse\" role=\"button\" aria-expanded=\"false\" aria-controls=\"puis-je-choisir-mon-emplacement-\"><div class=\"faq-question\">Kann ich meinen Standort selbst w\u00e4hlen?<\/div><i class=\"fa fa-chevron-down\" aria-hidden=\"true\"><\/i><\/a><div class=\"card-body collapse multi-collapse\" id=\"puis-je-choisir-mon-emplacement-\"><div class=\"faq-reponse\">&nbsp;Ja, je nach Verf\u00fcgbarkeit und auf Anfrage zum Zeitpunkt Ihrer Buchung.<\/div><\/div><\/div><\/div>\n\n\n\n<div class=\"wp-block-create-block-sev-faq\"><div class=\"card sev-faq\"><a class=\"card-header d-flex\" href=\"#comment-annuler-ou-modifier-ma-reservation-\" data-toggle=\"collapse\" role=\"button\" aria-expanded=\"false\" aria-controls=\"comment-annuler-ou-modifier-ma-reservation-\"><div class=\"faq-question\">Wie kann ich meine Buchung stornieren oder \u00e4ndern?<\/div><i class=\"fa fa-chevron-down\" aria-hidden=\"true\"><\/i><\/a><div class=\"card-body collapse multi-collapse\" id=\"comment-annuler-ou-modifier-ma-reservation-\"><div class=\"faq-reponse\">Wir bitten Sie, sich direkt mit dem Campingplatz in Verbindung zu setzen.<\/div><\/div><\/div><\/div>\n\n\n\n<div class=\"wp-block-create-block-sev-faq\"><div class=\"card sev-faq\"><a class=\"card-header d-flex\" href=\"#comment-puis-je-regler-mon-sejour-\" data-toggle=\"collapse\" role=\"button\" aria-expanded=\"false\" aria-controls=\"comment-puis-je-regler-mon-sejour-\"><div class=\"faq-question\">Wie kann ich meinen Aufenthalt bezahlen?<\/div><i class=\"fa fa-chevron-down\" aria-hidden=\"true\"><\/i><\/a><div class=\"card-body collapse multi-collapse\" id=\"comment-puis-je-regler-mon-sejour-\"><div class=\"faq-reponse\">Wir akzeptieren die folgenden Zahlungen: CB, Scheck, ANCV, Bargeld und \u00dcberweisung.<\/div><\/div><\/div><\/div>\n\n\n\n<div style=\"height:60px\" aria-hidden=\"true\" class=\"wp-block-spacer\"><\/div>\n\n\n\n<h2 class=\"wp-block-heading\" id=\"votre-residence-secondaire\">Ihr Zweitwohnsitz<\/h2>\n\n\n\n<figure class=\"wp-block-image size-full\"><img decoding=\"async\" src=\"https:\/\/mirabel-prairiesdelamer.com\/wp-content\/uploads\/2022\/01\/barre-bleue.png\" alt=\"\" class=\"wp-image-2382\"\/><\/figure>\n\n\n\n<div class=\"wp-block-create-block-sev-faq\"><div class=\"card sev-faq\"><a class=\"card-header d-flex\" href=\"#comment-acheter-un-mobil-home-au-camping-\" data-toggle=\"collapse\" role=\"button\" aria-expanded=\"false\" aria-controls=\"comment-acheter-un-mobil-home-au-camping-\"><div class=\"faq-question\">Wie kaufe ich ein Mobilheim auf dem Campingplatz?<\/div><i class=\"fa fa-chevron-down\" aria-hidden=\"true\"><\/i><\/a><div class=\"card-body collapse multi-collapse\" id=\"comment-acheter-un-mobil-home-au-camping-\"><div class=\"faq-reponse\">Kontaktieren Sie Delphine unter 07 88 74 48 18, um mehr zu erfahren und die Mobilheime zu entdecken, die auf allen Mirabel-Campingpl\u00e4tzen zum Verkauf stehen.<\/div><\/div><\/div><\/div>\n\n\n\n<div class=\"wp-block-create-block-sev-faq\"><div class=\"card sev-faq\"><a class=\"card-header d-flex\" href=\"#choisir-son-mobil-home-neuf-ou-occasion-\" data-toggle=\"collapse\" role=\"button\" aria-expanded=\"false\" aria-controls=\"choisir-son-mobil-home-neuf-ou-occasion-\"><div class=\"faq-question\">Die Wahl des Mobilheims: Neu oder gebraucht?<\/div><i class=\"fa fa-chevron-down\" aria-hidden=\"true\"><\/i><\/a><div class=\"card-body collapse multi-collapse\" id=\"choisir-son-mobil-home-neuf-ou-occasion-\"><div class=\"faq-reponse\">Durchsuchen Sie unsere Anzeigen, um sich \u00fcber die Preise der zum Verkauf stehenden Mobilheime zu informieren. Je nach Ihrem Budget k\u00f6nnen Sie sich f\u00fcr einen Neu- oder Gebrauchtkauf entscheiden. <a href=\"https:\/\/mirabel-campings.com\/de\/kontakt\/\" data-type=\"page\" data-id=\"90\"> Kontaktieren Sie uns f\u00fcr weitere Informationen.<\/a><\/div><\/div><\/div><\/div>\n\n\n\n<div class=\"wp-block-create-block-sev-faq\"><div class=\"card sev-faq\"><a class=\"card-header d-flex\" href=\"#comment-choisir-sa-parcelle-\" data-toggle=\"collapse\" role=\"button\" aria-expanded=\"false\" aria-controls=\"comment-choisir-sa-parcelle-\"><div class=\"faq-question\">Wie w\u00e4hlt man seine Parzelle aus?<\/div><i class=\"fa fa-chevron-down\" aria-hidden=\"true\"><\/i><\/a><div class=\"card-body collapse multi-collapse\" id=\"comment-choisir-sa-parcelle-\"><div class=\"faq-reponse\">Wenn Sie ein neues Mobilheim kaufen, k\u00f6nnen Sie den Stellplatz bei der Bestellung ausw\u00e4hlen. Der Kauf eines gebrauchten Mobilheims erfolgt auf einem Stellplatz, es kann nicht verschoben werden.<\/div><\/div><\/div><\/div>\n\n\n\n<div class=\"wp-block-create-block-sev-faq\"><div class=\"card sev-faq\"><a class=\"card-header d-flex\" href=\"#puis-je-rester-toute-lannee-au-camping-\" data-toggle=\"collapse\" role=\"button\" aria-expanded=\"false\" aria-controls=\"puis-je-rester-toute-lannee-au-camping-\"><div class=\"faq-question\">Kann ich das ganze Jahr \u00fcber auf dem Campingplatz bleiben?<\/div><i class=\"fa fa-chevron-down\" aria-hidden=\"true\"><\/i><\/a><div class=\"card-body collapse multi-collapse\" id=\"puis-je-rester-toute-lannee-au-camping-\"><div class=\"faq-reponse\">Unsere Campingpl\u00e4tze sind keine Wohnparks f\u00fcr Freizeitaktivit\u00e4ten (PRL) und daher nicht das ganze Jahr \u00fcber ge\u00f6ffnet. Sie k\u00f6nnen also w\u00e4hrend der gesamten \u00d6ffnungszeiten auf dem Campingplatz leben, d. h. vom 15. M\u00e4rz bis zum 15. November f\u00fcr alle Mirabel-Campingpl\u00e4tze au\u00dfer La Renaudi\u00e8re in La Plaine sur Mer (44), der vom 1. M\u00e4rz bis zum 15. November ge\u00f6ffnet ist.<sup>er<\/sup> April bis 31. Oktober.<\/div><\/div><\/div><\/div>\n\n\n\n<div class=\"wp-block-create-block-sev-faq\"><div class=\"card sev-faq\"><a class=\"card-header d-flex\" href=\"#puis-je-louer-mon-mobil-home-sur-certaines-periodes-\" data-toggle=\"collapse\" role=\"button\" aria-expanded=\"false\" aria-controls=\"puis-je-louer-mon-mobil-home-sur-certaines-periodes-\"><div class=\"faq-question\">Kann ich mein Mobilheim zu bestimmten Zeiten vermieten?<\/div><i class=\"fa fa-chevron-down\" aria-hidden=\"true\"><\/i><\/a><div class=\"card-body collapse multi-collapse\" id=\"puis-je-louer-mon-mobil-home-sur-certaines-periodes-\"><div class=\"faq-reponse\">Sie sind Eigent\u00fcmer Ihres Mobilheims, auf einigen unserer Campingpl\u00e4tze haben Sie die M\u00f6glichkeit, dieses w\u00e4hrend der Zeit, in der Sie nicht anwesend sind, zu vermieten. Es ist ganz einfach, wir k\u00fcmmern uns um alles: Sie teilen uns die Buchungsdaten mit und der Campingplatz k\u00fcmmert sich um die verschiedenen Zahlungseing\u00e4nge und die \u00dcbergabe der Schl\u00fcssel an Ihre Mieter. Das ist eine gro\u00dfartige Gelegenheit, Ihre Jahresmiete zu senken! <em>(Vermietung m\u00f6glich f\u00fcr Mobilheime, die maximal 10 Jahre alt sind)<\/em><br>Wenn Ihr Mobilheim \u00e4lter als 10 Jahre ist, k\u00f6nnen Sie es auf eigene Faust vermieten. Sie m\u00fcssen dann die Kontaktdaten der Mieter an die Rezeption weitergeben und eine Geb\u00fchr pro Tag und pro Person ab 18 Jahren entrichten.<\/div><\/div><\/div><\/div>\n\n\n\n<div style=\"height:60px\" aria-hidden=\"true\" class=\"wp-block-spacer\"><\/div>\n\n\n\n<h2 class=\"wp-block-heading\" id=\"sur-place\">Vor Ort<\/h2>\n\n\n\n<figure class=\"wp-block-image size-full\"><img decoding=\"async\" src=\"https:\/\/mirabel-prairiesdelamer.com\/wp-content\/uploads\/2022\/01\/barre-bleue.png\" alt=\"\" class=\"wp-image-2382\"\/><\/figure>\n\n\n\n<div class=\"wp-block-create-block-sev-faq\"><div class=\"card sev-faq\"><a class=\"card-header d-flex\" href=\"#quelles-sont-les-dates-douverture-du-camping-\" data-toggle=\"collapse\" role=\"button\" aria-expanded=\"false\" aria-controls=\"quelles-sont-les-dates-douverture-du-camping-\"><div class=\"faq-question\">An welchen Tagen ist der Campingplatz ge\u00f6ffnet?<\/div><i class=\"fa fa-chevron-down\" aria-hidden=\"true\"><\/i><\/a><div class=\"card-body collapse multi-collapse\" id=\"quelles-sont-les-dates-douverture-du-camping-\"><div class=\"faq-reponse\">Die Mirabel-Campingpl\u00e4tze sind f\u00fcr Einheimische vom 15. M\u00e4rz bis zum 15. November und vom 1. Januar bis zum 31. Dezember ge\u00f6ffnet.<sup>er<\/sup> April bis zum 6. November, au\u00dfer f\u00fcr den Campingplatz La Renaudi\u00e8re in La Plaine sur Mer (44), der vom 1. April bis zum 6. November ge\u00f6ffnet ist.<sup>er<\/sup> April bis 31. Oktober.<\/div><\/div><\/div><\/div>\n\n\n\n<div class=\"wp-block-create-block-sev-faq\"><div class=\"card sev-faq\"><a class=\"card-header d-flex\" href=\"#dois-je-apporter-les-draps-\" data-toggle=\"collapse\" role=\"button\" aria-expanded=\"false\" aria-controls=\"dois-je-apporter-les-draps-\"><div class=\"faq-question\">Muss ich die Bettw\u00e4sche mitbringen?<\/div><i class=\"fa fa-chevron-down\" aria-hidden=\"true\"><\/i><\/a><div class=\"card-body collapse multi-collapse\" id=\"dois-je-apporter-les-draps-\"><div class=\"faq-reponse\">Sie k\u00f6nnen Ihre eigene Bettw\u00e4sche mitbringen oder diese bei der Buchung ausleihen.<\/div><\/div><\/div><\/div>\n\n\n\n<div class=\"wp-block-create-block-sev-faq\"><div class=\"card sev-faq\"><a class=\"card-header d-flex\" href=\"#les-animaux-sont-ils-acceptes-au-camping-\" data-toggle=\"collapse\" role=\"button\" aria-expanded=\"false\" aria-controls=\"les-animaux-sont-ils-acceptes-au-camping-\"><div class=\"faq-question\">Sind Tiere auf dem Campingplatz erlaubt? <\/div><i class=\"fa fa-chevron-down\" aria-hidden=\"true\"><\/i><\/a><div class=\"card-body collapse multi-collapse\" id=\"les-animaux-sont-ils-acceptes-au-camping-\"><div class=\"faq-reponse\">Ja, wir wissen nur zu gut, dass es schwer ist, sich von seinen Haustieren zu trennen. Deshalb sind Tiere auf unserem Campingplatz herzlich willkommen: Wir akzeptieren Hunde und Katzen (au\u00dfer 1<sup>e<\/sup> und 2. Kategorie und maximal 2 pro Unterkunft) <em>Geb\u00fchr: 5\u20ac pro Nacht und Tier.<\/em><\/div><\/div><\/div><\/div>\n\n\n\n<div class=\"wp-block-create-block-sev-faq\"><div class=\"card sev-faq\"><a class=\"card-header d-flex\" href=\"#a-quelle-heure-puis-je-arriver-au-camping-\" data-toggle=\"collapse\" role=\"button\" aria-expanded=\"false\" aria-controls=\"a-quelle-heure-puis-je-arriver-au-camping-\"><div class=\"faq-question\">Um wie viel Uhr kann ich auf dem Campingplatz ankommen?<\/div><i class=\"fa fa-chevron-down\" aria-hidden=\"true\"><\/i><\/a><div class=\"card-body collapse multi-collapse\" id=\"a-quelle-heure-puis-je-arriver-au-camping-\"><div class=\"faq-reponse\">Die Anreise erfolgt ab 16 Uhr und die Abreise bis 10 Uhr.<\/div><\/div><\/div><\/div>\n\n\n\n<div class=\"wp-block-create-block-sev-faq\"><div class=\"card sev-faq\"><a class=\"card-header d-flex\" href=\"#quelles-sont-les-dates-douverture-du-club-enfants-\" data-toggle=\"collapse\" role=\"button\" aria-expanded=\"false\" aria-controls=\"quelles-sont-les-dates-douverture-du-club-enfants-\"><div class=\"faq-question\">An welchen Tagen ist der Kinderclub ge\u00f6ffnet? <\/div><i class=\"fa fa-chevron-down\" aria-hidden=\"true\"><\/i><\/a><div class=\"card-body collapse multi-collapse\" id=\"quelles-sont-les-dates-douverture-du-club-enfants-\"><div class=\"faq-reponse\">Die Betreuer des Kinderclubs sind den ganzen Sommer \u00fcber (Juli-August) f\u00fcr Kinder von 6 bis 12 Jahren da.<\/div><\/div><\/div><\/div>\n\n\n\n<div style=\"height:60px\" aria-hidden=\"true\" class=\"wp-block-spacer\"><\/div>\n\n\n\n<h2 class=\"wp-block-heading\" id=\"informations-covid\">COVID-Informationen<\/h2>\n\n\n\n<figure class=\"wp-block-image size-full\"><img decoding=\"async\" src=\"https:\/\/mirabel-prairiesdelamer.com\/wp-content\/uploads\/2022\/01\/barre-bleue.png\" alt=\"\" class=\"wp-image-2382\"\/><\/figure>\n\n\n\n<div class=\"wp-block-create-block-sev-faq\"><div class=\"card sev-faq\"><a class=\"card-header d-flex\" href=\"#serai-je-en-securite-au-camping-\" data-toggle=\"collapse\" role=\"button\" aria-expanded=\"false\" aria-controls=\"serai-je-en-securite-au-camping-\"><div class=\"faq-question\">Werde ich auf dem Campingplatz sicher sein? <\/div><i class=\"fa fa-chevron-down\" aria-hidden=\"true\"><\/i><\/a><div class=\"card-body collapse multi-collapse\" id=\"serai-je-en-securite-au-camping-\"><div class=\"faq-reponse\">Ja. Als Profi in der Freilufthotellerie unterliegen wir Vorschriften und Protokollen, die Ihnen ein hohes Ma\u00df an Sicherheit garantieren.<br>Unser Team ist darauf geschult, Ihnen einen qualitativ hochwertigen und einwandfreien Service zu bieten.<br>Unser Campingplatz bietet Ihnen Zugang zu gro\u00dfen Naturgebieten im Freien, in denen Sie sich unter Ber\u00fccksichtigung der Abstandsregeln problemlos bewegen k\u00f6nnen.<\/div><\/div><\/div><\/div>\n\n\n\n<div class=\"wp-block-create-block-sev-faq\"><div class=\"card sev-faq\"><a class=\"card-header d-flex\" href=\"#que-dois-je-apporter-\" data-toggle=\"collapse\" role=\"button\" aria-expanded=\"false\" aria-controls=\"que-dois-je-apporter-\"><div class=\"faq-question\">Was muss ich mitbringen?<\/div><i class=\"fa fa-chevron-down\" aria-hidden=\"true\"><\/i><\/a><div class=\"card-body collapse multi-collapse\" id=\"que-dois-je-apporter-\"><div class=\"faq-reponse\">Wir bitten Sie, Ihre eigenen Masken mitzubringen, da es in bestimmten Bereichen wie Transportmitteln, Apotheken, Gesundheitszentren usw. vorgeschrieben ist, diese zu tragen.<\/div><\/div><\/div><\/div>\n\n\n\n<div class=\"wp-block-create-block-sev-faq\"><div class=\"card sev-faq\"><a class=\"card-header d-flex\" href=\"#quel-est-le-protocole-sanitaire-mis-en-place-au-camping-\" data-toggle=\"collapse\" role=\"button\" aria-expanded=\"false\" aria-controls=\"quel-est-le-protocole-sanitaire-mis-en-place-au-camping-\"><div class=\"faq-question\">Welches Gesundheitsprotokoll wurde auf dem Campingplatz eingef\u00fchrt?<\/div><i class=\"fa fa-chevron-down\" aria-hidden=\"true\"><\/i><\/a><div class=\"card-body collapse multi-collapse\" id=\"quel-est-le-protocole-sanitaire-mis-en-place-au-camping-\"><div class=\"faq-reponse\">Beim Zugang zur Rezeption des Campingplatzes muss die Abstandsregel von mindestens 1 m eingehalten werden, wobei sich maximal 2 G\u00e4ste in der Rezeption aufhalten d\u00fcrfen.<br>Es wird Ihnen hydroalkoholisches Gel zur Verf\u00fcgung gestellt und wir bitten Sie, kontaktlose Zahlungsmethoden (kontaktlose Kreditkarte, sichere Online-Zahlung auf der Website, \u00dcberweisung oder Scheck) zu bevorzugen, wenn dies m\u00f6glich ist.<br>Ihr Mobilheim und Ihre Schl\u00fcssel werden vor Ihrer Ankunft und nach Ihrer Abreise nach einem strengen Protokoll mit einem viruziden Produkt desinfiziert. Auf Wunsch kann Ihnen auch ein Desinfektionsspray w\u00e4hrend Ihres gesamten Aufenthalts in Ihrem Mietobjekt zur Verf\u00fcgung gestellt werden.<\/div><\/div><\/div><\/div>\n\n\n\n<div class=\"wp-block-create-block-sev-faq\"><div class=\"card sev-faq\"><a class=\"card-header d-flex\" href=\"#le-pass-vaccinal-est-il-obligatoire-\" data-toggle=\"collapse\" role=\"button\" aria-expanded=\"false\" aria-controls=\"le-pass-vaccinal-est-il-obligatoire-\"><div class=\"faq-question\">Ist der Impfpass obligatorisch?<\/div><i class=\"fa fa-chevron-down\" aria-hidden=\"true\"><\/i><\/a><div class=\"card-body collapse multi-collapse\" id=\"le-pass-vaccinal-est-il-obligatoire-\"><div class=\"faq-reponse\">Der VACCINAL PASS (ab 16 Jahren) wird seit dem 14. M\u00e4rz nicht mehr verlangt.<\/div><\/div><\/div><\/div>\n\n\n\n<div class=\"wp-block-create-block-sev-faq\"><div class=\"card sev-faq\"><a class=\"card-header d-flex\" href=\"#quid-de-la-desinfection-des-hebergements-locatifs-\" data-toggle=\"collapse\" role=\"button\" aria-expanded=\"false\" aria-controls=\"quid-de-la-desinfection-des-hebergements-locatifs-\"><div class=\"faq-question\">Wie steht es um die Desinfektion von Mietunterk\u00fcnften?<\/div><i class=\"fa fa-chevron-down\" aria-hidden=\"true\"><\/i><\/a><div class=\"card-body collapse multi-collapse\" id=\"quid-de-la-desinfection-des-hebergements-locatifs-\"><div class=\"faq-reponse\">Wir garantieren Ihnen, dass das Mobilheim und die Schl\u00fcssel nach einem strengen Protokoll mit einem viruziden Mittel desinfiziert werden. Auf Wunsch wird Ihnen au\u00dferdem w\u00e4hrend Ihres gesamten Aufenthalts ein Desinfektionsspray zur Verf\u00fcgung gestellt.<\/div><\/div><\/div><\/div>\n\n\n\n<div class=\"wp-block-create-block-sev-faq\"><div class=\"card sev-faq\"><a class=\"card-header d-flex\" href=\"#quelles-sont-les-mesures-sanitaires-mises-en-place-dans-les-lieux-collectifs-\" data-toggle=\"collapse\" role=\"button\" aria-expanded=\"false\" aria-controls=\"quelles-sont-les-mesures-sanitaires-mises-en-place-dans-les-lieux-collectifs-\"><div class=\"faq-question\">Welche Gesundheitsma\u00dfnahmen werden an gemeinschaftlich genutzten Orten ergriffen?<\/div><i class=\"fa fa-chevron-down\" aria-hidden=\"true\"><\/i><\/a><div class=\"card-body collapse multi-collapse\" id=\"quelles-sont-les-mesures-sanitaires-mises-en-place-dans-les-lieux-collectifs-\"><div class=\"faq-reponse\">Das Tragen von Masken ist nicht mehr obligatorisch, aber die Barrieregesten m\u00fcssen immer noch auf dem gesamten Campingplatz angewendet werden.<\/div><\/div><\/div><\/div>\n\n\n\n<div class=\"wp-block-create-block-sev-faq\"><div class=\"card sev-faq\"><a class=\"card-header d-flex\" href=\"#suis-je-rembourse-en-cas-de-covid-19-\" data-toggle=\"collapse\" role=\"button\" aria-expanded=\"false\" aria-controls=\"suis-je-rembourse-en-cas-de-covid-19-\"><div class=\"faq-question\">Erhalte ich bei Covid-19 eine R\u00fcckerstattung?<\/div><i class=\"fa fa-chevron-down\" aria-hidden=\"true\"><\/i><\/a><div class=\"card-body collapse multi-collapse\" id=\"suis-je-rembourse-en-cas-de-covid-19-\"><div class=\"faq-reponse\">Eine Option f\u00fcr eine Stornierungsversicherung ist m\u00f6glich. Diese Versicherung deckt Sie im Fall von COVID-19 ab. Bitte kontaktieren Sie uns f\u00fcr weitere Informationen.<\/div><\/div><\/div><\/div>","protected":false},"excerpt":{"rendered":"<p>FAQ &#8211; Trouvez la r\u00e9ponse \u00e0 vos questions sur vos vacances dans les Campings &amp; R\u00e9sidences Mirabel L\u2019ensemble des campings [&hellip;]<\/p>\n","protected":false},"author":1,"featured_media":0,"parent":0,"menu_order":0,"comment_status":"closed","ping_status":"closed","template":"","meta":{"_seopress_robots_primary_cat":"","_seopress_titles_title":"Toutes les r\u00e9ponses \u00e0 vos questions - MIRABEL Campings","_seopress_titles_desc":"Vous trouverez ici toutes les r\u00e9ponses aux questions de vous vous posez sur nos campings en Bretagne, Pays de la Loire et Normandie","_seopress_robots_index":"","footnotes":""},"class_list":["post-7","page","type-page","status-publish","hentry"],"_links":{"self":[{"href":"https:\/\/mirabel-campings.com\/de\/wp-json\/wp\/v2\/pages\/7","targetHints":{"allow":["GET"]}}],"collection":[{"href":"https:\/\/mirabel-campings.com\/de\/wp-json\/wp\/v2\/pages"}],"about":[{"href":"https:\/\/mirabel-campings.com\/de\/wp-json\/wp\/v2\/types\/page"}],"author":[{"embeddable":true,"href":"https:\/\/mirabel-campings.com\/de\/wp-json\/wp\/v2\/users\/1"}],"replies":[{"embeddable":true,"href":"https:\/\/mirabel-campings.com\/de\/wp-json\/wp\/v2\/comments?post=7"}],"version-history":[{"count":7,"href":"https:\/\/mirabel-campings.com\/de\/wp-json\/wp\/v2\/pages\/7\/revisions"}],"predecessor-version":[{"id":5229,"href":"https:\/\/mirabel-campings.com\/de\/wp-json\/wp\/v2\/pages\/7\/revisions\/5229"}],"wp:attachment":[{"href":"https:\/\/mirabel-campings.com\/de\/wp-json\/wp\/v2\/media?parent=7"}],"curies":[{"name":"wp","href":"https:\/\/api.w.org\/{rel}","templated":true}]}}