{"id":9767,"date":"2024-05-30T15:23:53","date_gmt":"2024-05-30T13:23:53","guid":{"rendered":"https:\/\/mirabel-campings.com\/?page_id=9767"},"modified":"2025-04-25T12:18:11","modified_gmt":"2025-04-25T10:18:11","slug":"nachhaltiger-tourismus","status":"publish","type":"page","link":"https:\/\/mirabel-campings.com\/de\/tourisme-durable\/","title":{"rendered":"Umweltbewusste Campingpl\u00e4tze"},"content":{"rendered":"<h1 class=\"wp-block-heading\">Die Mirabel-Campingpl\u00e4tze engagieren sich f\u00fcr den Planeten<\/h1>\n\n\n\n<h2 class=\"wp-block-heading has-text-align-center\">Les Campings &amp; R\u00e9sidences Mirabel setzen sich f\u00fcr den Umweltschutz ein. In jedem der 8 Campingpl\u00e4tze in unseren 3 Regionen Normandie, Bretagne und Pays de la Loire werden zahlreiche Ma\u00dfnahmen ergriffen, um die Auswirkungen des Urlaubs auf unseren Planeten zu begrenzen.<\/h2>\n\n\n\n<div class=\"wp-block-media-text is-stacked-on-mobile\" style=\"grid-template-columns:40% auto\"><figure class=\"wp-block-media-text__media\"><img loading=\"lazy\" decoding=\"async\" width=\"1024\" height=\"1024\" src=\"https:\/\/mirabel-campings.com\/wp-content\/uploads\/2024\/05\/engagement-durable-Mirabel-1024x1024.jpg\" alt=\"Die Mirabel Campingpl\u00e4tze setzen sich f\u00fcr den Planeten ein\" class=\"wp-image-9784 size-full\" srcset=\"https:\/\/mirabel-campings.com\/wp-content\/uploads\/2024\/05\/engagement-durable-Mirabel-1024x1024.jpg 1024w, https:\/\/mirabel-campings.com\/wp-content\/uploads\/2024\/05\/engagement-durable-Mirabel-300x300.jpg 300w, https:\/\/mirabel-campings.com\/wp-content\/uploads\/2024\/05\/engagement-durable-Mirabel-150x150.jpg 150w, https:\/\/mirabel-campings.com\/wp-content\/uploads\/2024\/05\/engagement-durable-Mirabel-768x768.jpg 768w, https:\/\/mirabel-campings.com\/wp-content\/uploads\/2024\/05\/engagement-durable-Mirabel.jpg 1200w\" sizes=\"auto, (max-width: 1024px) 100vw, 1024px\" \/><\/figure><div class=\"wp-block-media-text__content\">\n<h3 class=\"wp-block-heading\"><strong>Der nachhaltige Wandel auf Campingpl\u00e4tzen<\/strong><\/h3>\n\n\n\n<p>Es ist immer noch m\u00f6glich, etwas zu unternehmen! <\/p>\n\n\n\n<p>Im Jahr 2024 werden wir uns der Notwendigkeit, Ver\u00e4nderungen herbeizuf\u00fchren, wirklich bewusst. Es ist an der Zeit, unsere Gewohnheiten zu \u00e4ndern, um unseren Planeten zu sch\u00fctzen. Tourismus, selbst Camping, verursacht Umweltverschmutzung und tr\u00e4gt zur \u00dcbernutzung nat\u00fcrlicher Ressourcen bei. Wir beschlie\u00dfen daher, eine <strong>nachhaltiger \u00dcbergang<\/strong> mit Unterst\u00fctzung der Ademe und des Fonds f\u00fcr nachhaltigen Tourismus. Unsere Campingpl\u00e4tze in der Bretagne haben in diesem Prozess bereits gute Fortschritte gemacht, aber andere liegen etwas zur\u00fcck. Wir werden also sofort mit den ersten Projekten aktiv: M\u00fclltrennung, Kompostierung, nachhaltige Eink\u00e4ufe anstelle von Einwegprodukten, sanfte Mobilit\u00e4t und Solarbeleuchtung... Die Ideen sprudeln, und hier sind die <strong>Erste Ma\u00dfnahmen, die wir ergriffen haben:<\/strong><\/p>\n<\/div><\/div>\n\n\n\n<div class=\"wp-block-media-text has-media-on-the-right is-stacked-on-mobile\"><div class=\"wp-block-media-text__content\">\n<h3 class=\"wp-block-heading\"><strong>Wie trennt man seinen M\u00fcll auf dem Campingplatz?<\/strong><\/h3>\n\n\n\n<p>Wenn Sie f\u00fcr Ihren Familienurlaub in unsere Mirabel-Campingpl\u00e4tze kommen, k\u00f6nnen Sie <strong>Weiterhin Ihren M\u00fcll trennen<\/strong> und Ihre Auswirkungen auf die Umwelt zu begrenzen. Tats\u00e4chlich haben wir seit diesem Jahr eingef\u00fchrt <strong>Komposter<\/strong> f\u00fcr Ihre Lebensmittelabf\u00e4lle (Achtung, es gelten Regeln, informieren Sie sich an der Rezeption), des <strong>M\u00fclltonnen f\u00fcr Recyclingabf\u00e4lle<\/strong> (Gelber Sack), Glascontainer auf oder in der N\u00e4he des Campingplatzes sowie Hausm\u00fclltonnen.<\/p>\n\n\n\n<p>Um Ihnen zu helfen, stellen wir in jeder unserer Unterk\u00fcnfte Bio-Eimer und gelbe Tonnen mit Anleitungen zur Verf\u00fcgung, damit Sie Ihren M\u00fcll richtig trennen k\u00f6nnen. Kein Vorwand mehr \ud83d\ude09<\/p>\n<\/div><figure class=\"wp-block-media-text__media\"><img loading=\"lazy\" decoding=\"async\" width=\"600\" height=\"450\" src=\"https:\/\/mirabel-campings.com\/wp-content\/uploads\/2024\/05\/tri-dechets-camping-responsable.jpg\" alt=\"\" class=\"wp-image-9774 size-full\" srcset=\"https:\/\/mirabel-campings.com\/wp-content\/uploads\/2024\/05\/tri-dechets-camping-responsable.jpg 600w, https:\/\/mirabel-campings.com\/wp-content\/uploads\/2024\/05\/tri-dechets-camping-responsable-300x225.jpg 300w\" sizes=\"auto, (max-width: 600px) 100vw, 600px\" \/><\/figure><\/div>\n\n\n\n<div class=\"wp-block-media-text is-stacked-on-mobile front-page-section grey\"><figure class=\"wp-block-media-text__media\"><img loading=\"lazy\" decoding=\"async\" width=\"600\" height=\"450\" src=\"https:\/\/mirabel-campings.com\/wp-content\/uploads\/2024\/05\/kit-campeur-engage-Mirabel.jpg\" alt=\"\" class=\"wp-image-9777 size-full\" srcset=\"https:\/\/mirabel-campings.com\/wp-content\/uploads\/2024\/05\/kit-campeur-engage-Mirabel.jpg 600w, https:\/\/mirabel-campings.com\/wp-content\/uploads\/2024\/05\/kit-campeur-engage-Mirabel-300x225.jpg 300w\" sizes=\"auto, (max-width: 600px) 100vw, 600px\" \/><\/figure><div class=\"wp-block-media-text__content\">\n<h3 class=\"wp-block-heading\"><strong>Was ist das Mirabel \u00d6ko-Camper-Kit?<\/strong><\/h3>\n\n\n\n<p>Da jede Geste z\u00e4hlt, setzt Mirabel Campings &amp; R\u00e9sidences seine Bem\u00fchungen um eine nachhaltige Entwicklung fort. Um den CO2-Fu\u00dfabdruck und die Abfallmenge zu reduzieren, haben wir beschlossen <strong>Das Einwegprodukt durch ein langlebiges ersetzen<\/strong> in unseren Unterk\u00fcnften :<\/p>\n\n\n\n<ul class=\"wp-block-list\">\n<li><strong>Wiederverwendbare Auflage<\/strong> in allen Zimmern auf jeder Matratze<\/li>\n\n\n\n<li>Kissen und <strong>waschbare Kissenbez\u00fcge<\/strong><\/li>\n\n\n\n<li><strong>Waschbarer Schwamm oder B\u00fcrste<\/strong> f\u00fcr das Geschirr<\/li>\n\n\n\n<li><strong>\u00d6ko-zertifizierte Reinigungsprodukte<\/strong> mit Nachf\u00fcllungen<\/li>\n<\/ul>\n\n\n\n<p class=\"texte-rond has-large-font-size\">Unsere Gewohnheiten \u00e4ndern, das ist gut f\u00fcr den Planeten!<\/p>\n\n\n\n<p>Wir z\u00e4hlen selbstverst\u00e4ndlich auf Sie, liebe Urlauber, um die Verwendung von Einwegprodukten zu begrenzen. Mit Ihnen k\u00f6nnen wir unseren Ansatz aufbauen <strong>\u00f6kologisches Camping<\/strong> F\u00fcr gr\u00fcne und f\u00fcr alle zug\u00e4ngliche Ferien.<\/p>\n<\/div><\/div>\n\n\n\n<div class=\"wp-block-media-text has-media-on-the-right is-stacked-on-mobile\"><div class=\"wp-block-media-text__content\">\n<h3 class=\"wp-block-heading\"><strong>Wie kann die Artenvielfalt und die Natur auf den Campingpl\u00e4tzen in Mirabel erhalten werden?<\/strong><\/h3>\n\n\n\n<p>In jedem unserer Parks k\u00f6nnen Sie unsere ______ bestaunen und genie\u00dfen. <strong>Gartenlandschaften<\/strong>, betreut von unseren passionierten Teams. Um all diese Gr\u00fcnfl\u00e4chen zu pflegen, alle <strong>Nat\u00fcrliche Ressourcen<\/strong> was wir auf jedem Campingplatz finden k\u00f6nnen, wird wiederverwendet (Wasser, Sp\u00e4ne, Hackschnitzel usw.). Chemische Behandlungen und Pflanzenschutzmittel werden nicht mehr angewendet.<\/p>\n\n\n\n<p>Die <strong>Gr\u00fcnfl\u00e4chenplan<\/strong> wird von allen unseren Bewohnern unterzeichnet, die aktiv an der Erhaltung der nat\u00fcrlichen Landschaft der Campingpl\u00e4tze mitwirken. Vielen Dank an sie f\u00fcr ihre Bem\u00fchungen!<\/p>\n\n\n\n<p>Ebenso entscheiden wir uns nun f\u00fcr unsere gesamten Reinigungsprodukte f\u00fcr Gemeinschaftsbereiche, Ausr\u00fcstung und Mietobjekte f\u00fcr <strong>\u00f6kologisch gekennzeichnete Produkte<\/strong> f\u00fcr noch verantwortungsvolleres Handeln in unseren Einrichtungen.<\/p>\n<\/div><figure class=\"wp-block-media-text__media\"><img loading=\"lazy\" decoding=\"async\" width=\"600\" height=\"450\" src=\"https:\/\/mirabel-campings.com\/wp-content\/uploads\/2024\/05\/espace-naturel-protege-camping.jpg\" alt=\"\" class=\"wp-image-9780 size-full\" srcset=\"https:\/\/mirabel-campings.com\/wp-content\/uploads\/2024\/05\/espace-naturel-protege-camping.jpg 600w, https:\/\/mirabel-campings.com\/wp-content\/uploads\/2024\/05\/espace-naturel-protege-camping-300x225.jpg 300w\" sizes=\"auto, (max-width: 600px) 100vw, 600px\" \/><\/figure><\/div>\n\n\n\n<div style=\"height:37px\" aria-hidden=\"true\" class=\"wp-block-spacer\"><\/div>\n\n\n\n<figure class=\"wp-block-image aligncenter size-full\"><img loading=\"lazy\" decoding=\"async\" width=\"400\" height=\"200\" src=\"https:\/\/mirabel-campings.com\/wp-content\/uploads\/2025\/04\/logos-Ademe-tourisme-durable.jpg\" alt=\"\" class=\"wp-image-11061\" srcset=\"https:\/\/mirabel-campings.com\/wp-content\/uploads\/2025\/04\/logos-Ademe-tourisme-durable.jpg 400w, https:\/\/mirabel-campings.com\/wp-content\/uploads\/2025\/04\/logos-Ademe-tourisme-durable-300x150.jpg 300w\" sizes=\"auto, (max-width: 400px) 100vw, 400px\" \/><\/figure>","protected":false},"excerpt":{"rendered":"<p>Les campings Mirabel s\u2019engagent pour la plan\u00e8te Les Campings &amp; R\u00e9sidences Mirabel s\u2019engagent en faveur de la protection de l\u2019environnement. [&hellip;]<\/p>\n","protected":false},"author":1,"featured_media":0,"parent":0,"menu_order":0,"comment_status":"closed","ping_status":"closed","template":"","meta":{"_seopress_robots_primary_cat":"","_seopress_titles_title":"Campings \u00e9co-responsables - Mirabel campings et r\u00e9sidences","_seopress_titles_desc":"Nos campings en Normandie, Bretagne et Pays de la Loire s\u2019engagent en faveur de la protection de l\u2019environnement. En vacances, on peut agir aussi !","_seopress_robots_index":"","footnotes":""},"class_list":["post-9767","page","type-page","status-publish","hentry"],"_links":{"self":[{"href":"https:\/\/mirabel-campings.com\/de\/wp-json\/wp\/v2\/pages\/9767","targetHints":{"allow":["GET"]}}],"collection":[{"href":"https:\/\/mirabel-campings.com\/de\/wp-json\/wp\/v2\/pages"}],"about":[{"href":"https:\/\/mirabel-campings.com\/de\/wp-json\/wp\/v2\/types\/page"}],"author":[{"embeddable":true,"href":"https:\/\/mirabel-campings.com\/de\/wp-json\/wp\/v2\/users\/1"}],"replies":[{"embeddable":true,"href":"https:\/\/mirabel-campings.com\/de\/wp-json\/wp\/v2\/comments?post=9767"}],"version-history":[{"count":11,"href":"https:\/\/mirabel-campings.com\/de\/wp-json\/wp\/v2\/pages\/9767\/revisions"}],"predecessor-version":[{"id":11066,"href":"https:\/\/mirabel-campings.com\/de\/wp-json\/wp\/v2\/pages\/9767\/revisions\/11066"}],"wp:attachment":[{"href":"https:\/\/mirabel-campings.com\/de\/wp-json\/wp\/v2\/media?parent=9767"}],"curies":[{"name":"wp","href":"https:\/\/api.w.org\/{rel}","templated":true}]}}