{"id":7,"date":"2022-04-12T15:37:44","date_gmt":"2022-04-12T13:37:44","guid":{"rendered":"https:\/\/mirabel-campings.com\/?page_id=7"},"modified":"2023-01-17T16:44:44","modified_gmt":"2023-01-17T15:44:44","slug":"faq","status":"publish","type":"page","link":"https:\/\/mirabel-campings.com\/nl\/faq\/","title":{"rendered":"FAQ"},"content":{"rendered":"<h1 class=\"wp-block-heading\" id=\"faq-trouvez-la-reponse-a-vos-questions-sur-vos-vacances-au-camping-les-prairies-de-la-mer\">FAQ - Vind het antwoord op je vakantievragen <strong>in Camping &amp; Residenties Mirabel<\/strong><\/h1>\n\n\n\n<p class=\"has-text-align-center\">Alle campings van de Mirabel Groep beantwoorden al uw vragen over uw verblijf en de getroffen sanitaire maatregelen.&nbsp;<strong>om ervoor te zorgen dat je verblijf zo veilig mogelijk is.<\/strong>&nbsp;Vergeet niet om regelmatig de veelgestelde vragen op de websites van de campings te bekijken en aarzel niet om contact met ons op te nemen als je meer informatie nodig hebt.<\/p>\n\n\n\n<figure class=\"wp-block-image aligncenter size-full\"><img decoding=\"async\" src=\"https:\/\/mirabel-prairiesdelamer.com\/wp-content\/uploads\/2022\/01\/barre-bleue.png\" alt=\"\" class=\"wp-image-2382\"\/><\/figure>\n\n\n\n<p><em>Bijgewerkt op 10\/04\/22 - Deze FAQ kan worden gewijzigd afhankelijk van toekomstige gezondheidsomstandigheden en instructies van de relevante autoriteiten.<\/em><\/p>\n\n\n\n<h2 class=\"wp-block-heading\" id=\"votre-reservation\">Uw boeking<\/h2>\n\n\n\n<figure class=\"wp-block-image size-full\"><img decoding=\"async\" src=\"https:\/\/mirabel-prairiesdelamer.com\/wp-content\/uploads\/2022\/01\/barre-bleue.png\" alt=\"\" class=\"wp-image-2382\"\/><\/figure>\n\n\n\n<div class=\"wp-block-create-block-sev-faq\"><div class=\"card sev-faq\"><a class=\"card-header d-flex\" href=\"#comment-reserver-un-sejour-\" data-toggle=\"collapse\" role=\"button\" aria-expanded=\"false\" aria-controls=\"comment-reserver-un-sejour-\"><div class=\"faq-question\">Hoe boek ik een vakantie?<\/div><i class=\"fa fa-chevron-down\" aria-hidden=\"true\"><\/i><\/a><div class=\"card-body collapse multi-collapse\" id=\"comment-reserver-un-sejour-\"><div class=\"faq-reponse\">- Online: selecteer op onze website je accommodatie en\/of verblijfsdata om de beschikbaarheid te controleren. <a href=\"https:\/\/bookingpremium.secureholiday.net\/group\/FR\/124\" target=\"_blank\" rel=\"noreferrer noopener\">Reservering<\/a><br>- Telefonisch via de receptie van de camping (beveiligde betaling met creditcard).<br>- Per e-mail naar het adres van de geselecteerde camping Mirabel<br><br>De reservering is definitief na ontvangst van een aanbetaling van \u20ac30% + \u20ac20 reserveringskosten. Raadpleeg voor meer informatie de algemene verkoopvoorwaarden van de gekozen camping.<\/div><\/div><\/div><\/div>\n\n\n\n<div class=\"wp-block-create-block-sev-faq\"><div class=\"card sev-faq\"><a class=\"card-header d-flex\" href=\"#comment-obtenir-un-devis-\" data-toggle=\"collapse\" role=\"button\" aria-expanded=\"false\" aria-controls=\"comment-obtenir-un-devis-\"><div class=\"faq-question\">Hoe kan ik een offerte aanvragen?<\/div><i class=\"fa fa-chevron-down\" aria-hidden=\"true\"><\/i><\/a><div class=\"card-body collapse multi-collapse\" id=\"comment-obtenir-un-devis-\"><div class=\"faq-reponse\">Bezoek onze <a href=\"https:\/\/bookingpremium.secureholiday.net\/group\/FR\/124\" target=\"_blank\" rel=\"noreferrer noopener\">online boeking<\/a> of neem rechtstreeks contact op met de camping van je keuze om de beschikbaarheid te controleren en een prijs voor je verblijf te vragen.<\/div><\/div><\/div><\/div>\n\n\n\n<div class=\"wp-block-create-block-sev-faq\"><div class=\"card sev-faq\"><a class=\"card-header d-flex\" href=\"#puis-je-choisir-mon-emplacement-\" data-toggle=\"collapse\" role=\"button\" aria-expanded=\"false\" aria-controls=\"puis-je-choisir-mon-emplacement-\"><div class=\"faq-question\">Kan ik mijn locatie kiezen?<\/div><i class=\"fa fa-chevron-down\" aria-hidden=\"true\"><\/i><\/a><div class=\"card-body collapse multi-collapse\" id=\"puis-je-choisir-mon-emplacement-\"><div class=\"faq-reponse\">&nbsp;Ja, afhankelijk van beschikbaarheid en op aanvraag op het moment van boeking.<\/div><\/div><\/div><\/div>\n\n\n\n<div class=\"wp-block-create-block-sev-faq\"><div class=\"card sev-faq\"><a class=\"card-header d-flex\" href=\"#comment-annuler-ou-modifier-ma-reservation-\" data-toggle=\"collapse\" role=\"button\" aria-expanded=\"false\" aria-controls=\"comment-annuler-ou-modifier-ma-reservation-\"><div class=\"faq-question\">Hoe kan ik mijn boeking annuleren of wijzigen?<\/div><i class=\"fa fa-chevron-down\" aria-hidden=\"true\"><\/i><\/a><div class=\"card-body collapse multi-collapse\" id=\"comment-annuler-ou-modifier-ma-reservation-\"><div class=\"faq-reponse\">Neem rechtstreeks contact op met de camping.<\/div><\/div><\/div><\/div>\n\n\n\n<div class=\"wp-block-create-block-sev-faq\"><div class=\"card sev-faq\"><a class=\"card-header d-flex\" href=\"#comment-puis-je-regler-mon-sejour-\" data-toggle=\"collapse\" role=\"button\" aria-expanded=\"false\" aria-controls=\"comment-puis-je-regler-mon-sejour-\"><div class=\"faq-question\">Hoe kan ik mijn verblijf betalen?<\/div><i class=\"fa fa-chevron-down\" aria-hidden=\"true\"><\/i><\/a><div class=\"card-body collapse multi-collapse\" id=\"comment-puis-je-regler-mon-sejour-\"><div class=\"faq-reponse\">We accepteren de volgende betalingen: CB, cheque, ANCV, contant en bankoverschrijving.<\/div><\/div><\/div><\/div>\n\n\n\n<div style=\"height:60px\" aria-hidden=\"true\" class=\"wp-block-spacer\"><\/div>\n\n\n\n<h2 class=\"wp-block-heading\" id=\"votre-residence-secondaire\">Je tweede huis<\/h2>\n\n\n\n<figure class=\"wp-block-image size-full\"><img decoding=\"async\" src=\"https:\/\/mirabel-prairiesdelamer.com\/wp-content\/uploads\/2022\/01\/barre-bleue.png\" alt=\"\" class=\"wp-image-2382\"\/><\/figure>\n\n\n\n<div class=\"wp-block-create-block-sev-faq\"><div class=\"card sev-faq\"><a class=\"card-header d-flex\" href=\"#comment-acheter-un-mobil-home-au-camping-\" data-toggle=\"collapse\" role=\"button\" aria-expanded=\"false\" aria-controls=\"comment-acheter-un-mobil-home-au-camping-\"><div class=\"faq-question\">Hoe koop ik een stacaravan op een camping?<\/div><i class=\"fa fa-chevron-down\" aria-hidden=\"true\"><\/i><\/a><div class=\"card-body collapse multi-collapse\" id=\"comment-acheter-un-mobil-home-au-camping-\"><div class=\"faq-reponse\">Neem contact op met Delphine op 07 88 74 48 18 voor meer informatie en ontdek de stacaravans te koop op alle Mirabel campings.<\/div><\/div><\/div><\/div>\n\n\n\n<div class=\"wp-block-create-block-sev-faq\"><div class=\"card sev-faq\"><a class=\"card-header d-flex\" href=\"#choisir-son-mobil-home-neuf-ou-occasion-\" data-toggle=\"collapse\" role=\"button\" aria-expanded=\"false\" aria-controls=\"choisir-son-mobil-home-neuf-ou-occasion-\"><div class=\"faq-question\">Je stacaravan kiezen: nieuw of tweedehands?<\/div><i class=\"fa fa-chevron-down\" aria-hidden=\"true\"><\/i><\/a><div class=\"card-body collapse multi-collapse\" id=\"choisir-son-mobil-home-neuf-ou-occasion-\"><div class=\"faq-reponse\">Blader door onze advertenties om de prijs van te koop staande stacaravans te weten te komen. Afhankelijk van je budget kun je kiezen om nieuw of tweedehands te kopen. <a href=\"https:\/\/mirabel-campings.com\/nl\/neem-contact-op-met\/\" data-type=\"page\" data-id=\"90\"> Neem contact met ons op voor meer informatie.<\/a><\/div><\/div><\/div><\/div>\n\n\n\n<div class=\"wp-block-create-block-sev-faq\"><div class=\"card sev-faq\"><a class=\"card-header d-flex\" href=\"#comment-choisir-sa-parcelle-\" data-toggle=\"collapse\" role=\"button\" aria-expanded=\"false\" aria-controls=\"comment-choisir-sa-parcelle-\"><div class=\"faq-question\">Hoe kies je je perceel?<\/div><i class=\"fa fa-chevron-down\" aria-hidden=\"true\"><\/i><\/a><div class=\"card-body collapse multi-collapse\" id=\"comment-choisir-sa-parcelle-\"><div class=\"faq-reponse\">Als je een nieuwe stacaravan koopt, kun je je staanplaats kiezen wanneer je je bestelling plaatst. Als je een tweedehands stacaravan koopt, staat deze op een staanplaats en kun je hem niet verplaatsen.<\/div><\/div><\/div><\/div>\n\n\n\n<div class=\"wp-block-create-block-sev-faq\"><div class=\"card sev-faq\"><a class=\"card-header d-flex\" href=\"#puis-je-rester-toute-lannee-au-camping-\" data-toggle=\"collapse\" role=\"button\" aria-expanded=\"false\" aria-controls=\"puis-je-rester-toute-lannee-au-camping-\"><div class=\"faq-question\">Kan ik het hele jaar door op de camping verblijven?<\/div><i class=\"fa fa-chevron-down\" aria-hidden=\"true\"><\/i><\/a><div class=\"card-body collapse multi-collapse\" id=\"puis-je-rester-toute-lannee-au-camping-\"><div class=\"faq-reponse\">Onze campings zijn geen Residenti\u00eble Recreatieparken (PRL) en zijn dus niet het hele jaar geopend. U kunt dus gedurende de hele openingsperiode op de camping verblijven, dat wil zeggen van 15 maart tot 15 november voor alle Mirabel campings behalve La Renaudi\u00e8re in La Plaine sur Mer (44), die geopend is van 1 maart tot 15 november.<sup>er<\/sup> April tot 31 oktober.<\/div><\/div><\/div><\/div>\n\n\n\n<div class=\"wp-block-create-block-sev-faq\"><div class=\"card sev-faq\"><a class=\"card-header d-flex\" href=\"#puis-je-louer-mon-mobil-home-sur-certaines-periodes-\" data-toggle=\"collapse\" role=\"button\" aria-expanded=\"false\" aria-controls=\"puis-je-louer-mon-mobil-home-sur-certaines-periodes-\"><div class=\"faq-question\">Kan ik mijn stacaravan verhuren tijdens bepaalde periodes?<\/div><i class=\"fa fa-chevron-down\" aria-hidden=\"true\"><\/i><\/a><div class=\"card-body collapse multi-collapse\" id=\"puis-je-louer-mon-mobil-home-sur-certaines-periodes-\"><div class=\"faq-reponse\">Als u uw eigen stacaravan heeft, bieden sommige van onze campings u de mogelijkheid om deze te verhuren tijdens uw afwezigheid. Het is gemakkelijk, wij zorgen voor alles: u geeft ons de boekingsdata door en de camping zorgt voor de verschillende betalingen en overhandigt de sleutels aan uw huurders. Het is een fantastische kans om je jaarlijkse huur te verlagen! <em>(verhuur mogelijk voor stacaravans tot 10 jaar oud)<\/em><br>Als je stacaravan ouder is dan 10 jaar, kun je hem zelf verhuren. In dat geval moet je de gegevens van de huurders doorgeven aan de receptie en een vergoeding betalen per dag en per persoon van 18 jaar en ouder.<\/div><\/div><\/div><\/div>\n\n\n\n<div style=\"height:60px\" aria-hidden=\"true\" class=\"wp-block-spacer\"><\/div>\n\n\n\n<h2 class=\"wp-block-heading\" id=\"sur-place\">Ter plaatse<\/h2>\n\n\n\n<figure class=\"wp-block-image size-full\"><img decoding=\"async\" src=\"https:\/\/mirabel-prairiesdelamer.com\/wp-content\/uploads\/2022\/01\/barre-bleue.png\" alt=\"\" class=\"wp-image-2382\"\/><\/figure>\n\n\n\n<div class=\"wp-block-create-block-sev-faq\"><div class=\"card sev-faq\"><a class=\"card-header d-flex\" href=\"#quelles-sont-les-dates-douverture-du-camping-\" data-toggle=\"collapse\" role=\"button\" aria-expanded=\"false\" aria-controls=\"quelles-sont-les-dates-douverture-du-camping-\"><div class=\"faq-question\">Wanneer is de camping open?<\/div><i class=\"fa fa-chevron-down\" aria-hidden=\"true\"><\/i><\/a><div class=\"card-body collapse multi-collapse\" id=\"quelles-sont-les-dates-douverture-du-camping-\"><div class=\"faq-reponse\">De Mirabel campings zijn geopend van 15 maart tot 15 november voor inwoners en van 1 juli tot 15 november voor niet-ingezetenen.<sup>er<\/sup> April tot 6 november voor verhuur, behalve camping La Renaudi\u00e8re in La Plaine sur Mer (44), die geopend is van 1 april tot 6 november.<sup>er<\/sup> April tot 31 oktober.<\/div><\/div><\/div><\/div>\n\n\n\n<div class=\"wp-block-create-block-sev-faq\"><div class=\"card sev-faq\"><a class=\"card-header d-flex\" href=\"#dois-je-apporter-les-draps-\" data-toggle=\"collapse\" role=\"button\" aria-expanded=\"false\" aria-controls=\"dois-je-apporter-les-draps-\"><div class=\"faq-question\">Moet ik mijn eigen lakens meenemen?<\/div><i class=\"fa fa-chevron-down\" aria-hidden=\"true\"><\/i><\/a><div class=\"card-body collapse multi-collapse\" id=\"dois-je-apporter-les-draps-\"><div class=\"faq-reponse\">Je kunt je eigen beddengoed meenemen of huren wanneer je boekt.<\/div><\/div><\/div><\/div>\n\n\n\n<div class=\"wp-block-create-block-sev-faq\"><div class=\"card sev-faq\"><a class=\"card-header d-flex\" href=\"#les-animaux-sont-ils-acceptes-au-camping-\" data-toggle=\"collapse\" role=\"button\" aria-expanded=\"false\" aria-controls=\"les-animaux-sont-ils-acceptes-au-camping-\"><div class=\"faq-question\">Zijn huisdieren toegestaan op de camping? <\/div><i class=\"fa fa-chevron-down\" aria-hidden=\"true\"><\/i><\/a><div class=\"card-body collapse multi-collapse\" id=\"les-animaux-sont-ils-acceptes-au-camping-\"><div class=\"faq-reponse\">Ja, we weten dat het moeilijk is om afscheid te nemen van je huisdieren. Daarom zijn huisdieren welkom op onze camping: we accepteren honden en katten (met uitzondering van 1<sup>e<\/sup> en 2e categorie en maximaal 2 per huurwoning) <em>Tarief: \u20ac5 per nacht en per dier.<\/em><\/div><\/div><\/div><\/div>\n\n\n\n<div class=\"wp-block-create-block-sev-faq\"><div class=\"card sev-faq\"><a class=\"card-header d-flex\" href=\"#a-quelle-heure-puis-je-arriver-au-camping-\" data-toggle=\"collapse\" role=\"button\" aria-expanded=\"false\" aria-controls=\"a-quelle-heure-puis-je-arriver-au-camping-\"><div class=\"faq-question\">Hoe laat kan ik op de camping aankomen?<\/div><i class=\"fa fa-chevron-down\" aria-hidden=\"true\"><\/i><\/a><div class=\"card-body collapse multi-collapse\" id=\"a-quelle-heure-puis-je-arriver-au-camping-\"><div class=\"faq-reponse\">Aankomst vanaf 16.00 uur en vertrek voor 10.00 uur.<\/div><\/div><\/div><\/div>\n\n\n\n<div class=\"wp-block-create-block-sev-faq\"><div class=\"card sev-faq\"><a class=\"card-header d-flex\" href=\"#quelles-sont-les-dates-douverture-du-club-enfants-\" data-toggle=\"collapse\" role=\"button\" aria-expanded=\"false\" aria-controls=\"quelles-sont-les-dates-douverture-du-club-enfants-\"><div class=\"faq-question\">Wanneer is de kinderclub open? <\/div><i class=\"fa fa-chevron-down\" aria-hidden=\"true\"><\/i><\/a><div class=\"card-body collapse multi-collapse\" id=\"quelles-sont-les-dates-douverture-du-club-enfants-\"><div class=\"faq-reponse\">De hele zomer (juli-augustus) zijn er leiders aanwezig voor kinderen van 6 tot 12 jaar.<\/div><\/div><\/div><\/div>\n\n\n\n<div style=\"height:60px\" aria-hidden=\"true\" class=\"wp-block-spacer\"><\/div>\n\n\n\n<h2 class=\"wp-block-heading\" id=\"informations-covid\">COVID informatie<\/h2>\n\n\n\n<figure class=\"wp-block-image size-full\"><img decoding=\"async\" src=\"https:\/\/mirabel-prairiesdelamer.com\/wp-content\/uploads\/2022\/01\/barre-bleue.png\" alt=\"\" class=\"wp-image-2382\"\/><\/figure>\n\n\n\n<div class=\"wp-block-create-block-sev-faq\"><div class=\"card sev-faq\"><a class=\"card-header d-flex\" href=\"#serai-je-en-securite-au-camping-\" data-toggle=\"collapse\" role=\"button\" aria-expanded=\"false\" aria-controls=\"serai-je-en-securite-au-camping-\"><div class=\"faq-question\">Ben ik veilig op de camping? <\/div><i class=\"fa fa-chevron-down\" aria-hidden=\"true\"><\/i><\/a><div class=\"card-body collapse multi-collapse\" id=\"serai-je-en-securite-au-camping-\"><div class=\"faq-reponse\">Ja, als professionals in de outdoor horeca zijn we onderworpen aan voorschriften en protocollen die je een hoog veiligheidsniveau garanderen.<br>Ons team is opgeleid om je een service van onberispelijke kwaliteit te bieden.<br>Op onze camping heb je toegang tot grote natuurgebieden in de open lucht en kun je je gemakkelijk verplaatsen, rekening houdend met de afstandsregels.<\/div><\/div><\/div><\/div>\n\n\n\n<div class=\"wp-block-create-block-sev-faq\"><div class=\"card sev-faq\"><a class=\"card-header d-flex\" href=\"#que-dois-je-apporter-\" data-toggle=\"collapse\" role=\"button\" aria-expanded=\"false\" aria-controls=\"que-dois-je-apporter-\"><div class=\"faq-question\">Wat moet ik meenemen?<\/div><i class=\"fa fa-chevron-down\" aria-hidden=\"true\"><\/i><\/a><div class=\"card-body collapse multi-collapse\" id=\"que-dois-je-apporter-\"><div class=\"faq-reponse\">We vragen je om je eigen maskers mee te nemen, omdat deze in bepaalde gebieden gedragen moeten worden, zoals vervoer, apotheken, gezondheidscentra, enz.<\/div><\/div><\/div><\/div>\n\n\n\n<div class=\"wp-block-create-block-sev-faq\"><div class=\"card sev-faq\"><a class=\"card-header d-flex\" href=\"#quel-est-le-protocole-sanitaire-mis-en-place-au-camping-\" data-toggle=\"collapse\" role=\"button\" aria-expanded=\"false\" aria-controls=\"quel-est-le-protocole-sanitaire-mis-en-place-au-camping-\"><div class=\"faq-question\">Welke gezondheidsprocedures zijn er op de camping?<\/div><i class=\"fa fa-chevron-down\" aria-hidden=\"true\"><\/i><\/a><div class=\"card-body collapse multi-collapse\" id=\"quel-est-le-protocole-sanitaire-mis-en-place-au-camping-\"><div class=\"faq-reponse\">Om toegang te krijgen tot de receptie van de camping moet de minimale afstandsregel van 1 meter worden gerespecteerd, met een maximum van 2 klanten in de receptie.<br>Er is hydro-alcoholische gel beschikbaar en we vragen je om waar mogelijk contactloze betalingsmethoden te gebruiken (contactloze creditcard, beveiligde online betaling op de website, bankoverschrijving of cheque).<br>Uw stacaravan en sleutels worden voor uw aankomst en na uw vertrek gedesinfecteerd volgens een strikt protocol met een virusdodend middel. Op verzoek kan er ook een ontsmettingsspray ter beschikking worden gesteld tijdens uw verblijf in uw accommodatie.<\/div><\/div><\/div><\/div>\n\n\n\n<div class=\"wp-block-create-block-sev-faq\"><div class=\"card sev-faq\"><a class=\"card-header d-flex\" href=\"#le-pass-vaccinal-est-il-obligatoire-\" data-toggle=\"collapse\" role=\"button\" aria-expanded=\"false\" aria-controls=\"le-pass-vaccinal-est-il-obligatoire-\"><div class=\"faq-question\">Is de vaccinatiepas verplicht?<\/div><i class=\"fa fa-chevron-down\" aria-hidden=\"true\"><\/i><\/a><div class=\"card-body collapse multi-collapse\" id=\"le-pass-vaccinal-est-il-obligatoire-\"><div class=\"faq-reponse\">De VACCINALE PAS (voor 16-jarigen en ouder) is sinds 14 maart niet langer verplicht.<\/div><\/div><\/div><\/div>\n\n\n\n<div class=\"wp-block-create-block-sev-faq\"><div class=\"card sev-faq\"><a class=\"card-header d-flex\" href=\"#quid-de-la-desinfection-des-hebergements-locatifs-\" data-toggle=\"collapse\" role=\"button\" aria-expanded=\"false\" aria-controls=\"quid-de-la-desinfection-des-hebergements-locatifs-\"><div class=\"faq-question\">Hoe zit het met het desinfecteren van huuraccommodaties?<\/div><i class=\"fa fa-chevron-down\" aria-hidden=\"true\"><\/i><\/a><div class=\"card-body collapse multi-collapse\" id=\"quid-de-la-desinfection-des-hebergements-locatifs-\"><div class=\"faq-reponse\">Wij garanderen dat de stacaravan en de sleutels worden gedesinfecteerd volgens een strikt protocol met een virusdodend product. Een ontsmettingsspuit is ook beschikbaar op aanvraag tijdens uw verblijf.<\/div><\/div><\/div><\/div>\n\n\n\n<div class=\"wp-block-create-block-sev-faq\"><div class=\"card sev-faq\"><a class=\"card-header d-flex\" href=\"#quelles-sont-les-mesures-sanitaires-mises-en-place-dans-les-lieux-collectifs-\" data-toggle=\"collapse\" role=\"button\" aria-expanded=\"false\" aria-controls=\"quelles-sont-les-mesures-sanitaires-mises-en-place-dans-les-lieux-collectifs-\"><div class=\"faq-question\">Welke gezondheidsmaatregelen zijn er in gemeenschappelijke ruimten?<\/div><i class=\"fa fa-chevron-down\" aria-hidden=\"true\"><\/i><\/a><div class=\"card-body collapse multi-collapse\" id=\"quelles-sont-les-mesures-sanitaires-mises-en-place-dans-les-lieux-collectifs-\"><div class=\"faq-reponse\">Het dragen van een masker is niet langer verplicht, maar op de hele camping moeten nog wel afschermende maatregelen worden genomen.<\/div><\/div><\/div><\/div>\n\n\n\n<div class=\"wp-block-create-block-sev-faq\"><div class=\"card sev-faq\"><a class=\"card-header d-flex\" href=\"#suis-je-rembourse-en-cas-de-covid-19-\" data-toggle=\"collapse\" role=\"button\" aria-expanded=\"false\" aria-controls=\"suis-je-rembourse-en-cas-de-covid-19-\"><div class=\"faq-question\">Word ik vergoed als ik Covid-19 heb?<\/div><i class=\"fa fa-chevron-down\" aria-hidden=\"true\"><\/i><\/a><div class=\"card-body collapse multi-collapse\" id=\"suis-je-rembourse-en-cas-de-covid-19-\"><div class=\"faq-reponse\">Er is een optie voor een annuleringsverzekering beschikbaar. Deze verzekering dekt je in het geval van COVID-19. Neem contact met ons op voor meer informatie.<\/div><\/div><\/div><\/div>","protected":false},"excerpt":{"rendered":"<p>FAQ &#8211; Trouvez la r\u00e9ponse \u00e0 vos questions sur vos vacances dans les Campings &amp; R\u00e9sidences Mirabel L\u2019ensemble des campings [&hellip;]<\/p>\n","protected":false},"author":1,"featured_media":0,"parent":0,"menu_order":0,"comment_status":"closed","ping_status":"closed","template":"","meta":{"_seopress_robots_primary_cat":"","_seopress_titles_title":"Toutes les r\u00e9ponses \u00e0 vos questions - MIRABEL Campings","_seopress_titles_desc":"Vous trouverez ici toutes les r\u00e9ponses aux questions de vous vous posez sur nos campings en Bretagne, Pays de la Loire et Normandie","_seopress_robots_index":"","footnotes":""},"class_list":["post-7","page","type-page","status-publish","hentry"],"_links":{"self":[{"href":"https:\/\/mirabel-campings.com\/nl\/wp-json\/wp\/v2\/pages\/7","targetHints":{"allow":["GET"]}}],"collection":[{"href":"https:\/\/mirabel-campings.com\/nl\/wp-json\/wp\/v2\/pages"}],"about":[{"href":"https:\/\/mirabel-campings.com\/nl\/wp-json\/wp\/v2\/types\/page"}],"author":[{"embeddable":true,"href":"https:\/\/mirabel-campings.com\/nl\/wp-json\/wp\/v2\/users\/1"}],"replies":[{"embeddable":true,"href":"https:\/\/mirabel-campings.com\/nl\/wp-json\/wp\/v2\/comments?post=7"}],"version-history":[{"count":7,"href":"https:\/\/mirabel-campings.com\/nl\/wp-json\/wp\/v2\/pages\/7\/revisions"}],"predecessor-version":[{"id":5229,"href":"https:\/\/mirabel-campings.com\/nl\/wp-json\/wp\/v2\/pages\/7\/revisions\/5229"}],"wp:attachment":[{"href":"https:\/\/mirabel-campings.com\/nl\/wp-json\/wp\/v2\/media?parent=7"}],"curies":[{"name":"wp","href":"https:\/\/api.w.org\/{rel}","templated":true}]}}